{"id":7652,"date":"2024-09-03T14:20:20","date_gmt":"2024-09-03T12:20:20","guid":{"rendered":"https:\/\/catalinadefoix.educacion.navarra.es\/web\/?page_id=7652"},"modified":"2025-06-30T08:51:38","modified_gmt":"2025-06-30T06:51:38","slug":"curso-24-25-en-imagenes","status":"publish","type":"page","link":"https:\/\/catalinadefoix.educacion.navarra.es\/web\/galeria\/galeria\/curso-24-25-en-imagenes\/","title":{"rendered":"Curso 2024-2025 en im\u00e1genes"},"content":{"rendered":"\n<div class=\"wp-block-columns are-vertically-aligned-center\">\n<div class=\"wp-block-column is-vertically-aligned-center\" style=\"flex-basis:100%\">\n<div class=\"wp-container-1 wp-block-group\"><div class=\"wp-block-group__inner-container\">\n<p><\/p>\n\n\n\n<figure class=\"wp-block-table is-style-regular\"><table class=\"has-text-color has-fixed-layout\" style=\"color:#076ca7\"><tbody><tr><td class=\"has-text-align-center\" data-align=\"center\"><img loading=\"lazy\" width=\"1024\" height=\"768\" class=\"wp-image-8050\" style=\"width: 150px;\" src=\"https:\/\/catalinadefoix.educacion.navarra.es\/web\/wp-content\/uploads\/2025\/06\/Portada-4.jpg\" alt=\"\" srcset=\"https:\/\/catalinadefoix.educacion.navarra.es\/web\/wp-content\/uploads\/2025\/06\/Portada-4.jpg 1024w, https:\/\/catalinadefoix.educacion.navarra.es\/web\/wp-content\/uploads\/2025\/06\/Portada-4-300x225.jpg 300w, https:\/\/catalinadefoix.educacion.navarra.es\/web\/wp-content\/uploads\/2025\/06\/Portada-4-768x576.jpg 768w\" sizes=\"(max-width: 1024px) 100vw, 1024px\" \/><\/td><td class=\"has-text-align-center\" data-align=\"center\">Arte<br><strong>PANTONE 211<\/strong><br><strong><a rel=\"noreferrer noopener\" href=\"https:\/\/photos.app.goo.gl\/rizdFfUHCsbHZuHNA\" target=\"_blank\">FOTOS<\/a><\/strong><br><strong><a rel=\"noreferrer noopener\" href=\"https:\/\/photos.app.goo.gl\/EHXKXKMvfx8Z24DS7\" target=\"_blank\">V\u00cdDEO<\/a><\/strong><\/td><\/tr><tr><td class=\"has-text-align-center\" data-align=\"center\"><img loading=\"lazy\" width=\"2000\" height=\"1323\" class=\"wp-image-8044\" style=\"width: 150px;\" src=\"https:\/\/catalinadefoix.educacion.navarra.es\/web\/wp-content\/uploads\/2025\/06\/IMG20250320151803.jpg\" alt=\"\" srcset=\"https:\/\/catalinadefoix.educacion.navarra.es\/web\/wp-content\/uploads\/2025\/06\/IMG20250320151803.jpg 2000w, https:\/\/catalinadefoix.educacion.navarra.es\/web\/wp-content\/uploads\/2025\/06\/IMG20250320151803-300x198.jpg 300w, https:\/\/catalinadefoix.educacion.navarra.es\/web\/wp-content\/uploads\/2025\/06\/IMG20250320151803-1024x677.jpg 1024w, https:\/\/catalinadefoix.educacion.navarra.es\/web\/wp-content\/uploads\/2025\/06\/IMG20250320151803-768x508.jpg 768w, https:\/\/catalinadefoix.educacion.navarra.es\/web\/wp-content\/uploads\/2025\/06\/IMG20250320151803-1536x1016.jpg 1536w\" sizes=\"(max-width: 2000px) 100vw, 2000px\" \/><\/td><td class=\"has-text-align-center\" data-align=\"center\"><strong>Infantil<\/strong><br><strong>TALLERES INTERNIVELARES<\/strong><br><strong><a rel=\"noreferrer noopener\" href=\"https:\/\/drive.google.com\/drive\/folders\/16bz0634ECAexP5-59-wNIWJSoqUC3O_v?usp=sharing\" target=\"_blank\">FOTOS<\/a><\/strong><\/td><\/tr><tr><td class=\"has-text-align-center\" data-align=\"center\"><img loading=\"lazy\" width=\"1024\" height=\"771\" class=\"wp-image-8002\" style=\"width: 150px;\" src=\"https:\/\/catalinadefoix.educacion.navarra.es\/web\/wp-content\/uploads\/2025\/06\/portada-3.jpg\" alt=\"\" srcset=\"https:\/\/catalinadefoix.educacion.navarra.es\/web\/wp-content\/uploads\/2025\/06\/portada-3.jpg 1024w, https:\/\/catalinadefoix.educacion.navarra.es\/web\/wp-content\/uploads\/2025\/06\/portada-3-300x226.jpg 300w, https:\/\/catalinadefoix.educacion.navarra.es\/web\/wp-content\/uploads\/2025\/06\/portada-3-768x578.jpg 768w\" sizes=\"(max-width: 1024px) 100vw, 1024px\" \/><\/td><td class=\"has-text-align-center\" data-align=\"center\"><strong>M\u00fasica<\/strong><br><strong>M\u00daSICA CON ESTILO: S\u00c9PTIMA ENTREGA<\/strong><br><strong><a rel=\"noreferrer noopener\" href=\"https:\/\/drive.google.com\/file\/d\/15B31c5XlqRQ0Jl-E_T2Zqr_7jCurUam4\/view?usp=sharing\" target=\"_blank\">PODCAST<\/a><\/strong><br><strong><a rel=\"noreferrer noopener\" href=\"https:\/\/photos.app.goo.gl\/RrKpCk2KC5T9YVUk7\" target=\"_blank\">FOTOS<\/a><\/strong><\/td><\/tr><tr><td class=\"has-text-align-center\" data-align=\"center\"><img loading=\"lazy\" width=\"1024\" height=\"649\" class=\"wp-image-7992\" style=\"width: 150px;\" src=\"https:\/\/catalinadefoix.educacion.navarra.es\/web\/wp-content\/uploads\/2025\/06\/1000081954.jpg\" alt=\"\" srcset=\"https:\/\/catalinadefoix.educacion.navarra.es\/web\/wp-content\/uploads\/2025\/06\/1000081954.jpg 1024w, https:\/\/catalinadefoix.educacion.navarra.es\/web\/wp-content\/uploads\/2025\/06\/1000081954-300x190.jpg 300w, https:\/\/catalinadefoix.educacion.navarra.es\/web\/wp-content\/uploads\/2025\/06\/1000081954-768x487.jpg 768w\" sizes=\"(max-width: 1024px) 100vw, 1024px\" \/><\/td><td class=\"has-text-align-center\" data-align=\"center\"><strong>M\u00fasica<\/strong><br><strong>M\u00daSICA CON ESTILO: SEXTA ENTREGA<\/strong><br><strong><a rel=\"noreferrer noopener\" href=\"https:\/\/drive.google.com\/file\/d\/1hbiMosh8XxXERphrFdrEv3CGqPVC9aqV\/view?usp=sharing\" target=\"_blank\">PODCAST<\/a><\/strong><\/td><\/tr><tr><td class=\"has-text-align-center\" data-align=\"center\"><a href=\"https:\/\/photos.app.goo.gl\/AYDrDwMcYYdqhQhT8\" target=\"_blank\" rel=\"noreferrer noopener\"><img loading=\"lazy\" width=\"1423\" height=\"787\" class=\"wp-image-7949\" style=\"width: 150px;\" src=\"https:\/\/catalinadefoix.educacion.navarra.es\/web\/wp-content\/uploads\/2025\/06\/123c1181-1dee-4707-b920-21da667b65dd-2.jpg\" alt=\"\" srcset=\"https:\/\/catalinadefoix.educacion.navarra.es\/web\/wp-content\/uploads\/2025\/06\/123c1181-1dee-4707-b920-21da667b65dd-2.jpg 1423w, https:\/\/catalinadefoix.educacion.navarra.es\/web\/wp-content\/uploads\/2025\/06\/123c1181-1dee-4707-b920-21da667b65dd-2-300x166.jpg 300w, https:\/\/catalinadefoix.educacion.navarra.es\/web\/wp-content\/uploads\/2025\/06\/123c1181-1dee-4707-b920-21da667b65dd-2-1024x566.jpg 1024w, https:\/\/catalinadefoix.educacion.navarra.es\/web\/wp-content\/uploads\/2025\/06\/123c1181-1dee-4707-b920-21da667b65dd-2-768x425.jpg 768w\" sizes=\"(max-width: 1423px) 100vw, 1423px\" \/><\/a><\/td><td class=\"has-text-align-center\" data-align=\"center\"><strong>6\u00ba Primaria Franc\u00e9s<br>SALIDA A HENDAYA<\/strong><br><a href=\"https:\/\/photos.app.goo.gl\/AYDrDwMcYYdqhQhT8\" target=\"_blank\" rel=\"noreferrer noopener\"><strong>FOTOS<\/strong><\/a><\/td><\/tr><tr><td class=\"has-text-align-center\" data-align=\"center\"><a href=\"https:\/\/photos.app.goo.gl\/NaPL98Y41zSyCPDG8\" target=\"_blank\" rel=\"noreferrer noopener\"><img loading=\"lazy\" width=\"719\" height=\"460\" class=\"wp-image-7942\" style=\"width: 150px;\" src=\"https:\/\/catalinadefoix.educacion.navarra.es\/web\/wp-content\/uploads\/2025\/06\/Portada-e1749033570243.jpg\" alt=\"\" srcset=\"https:\/\/catalinadefoix.educacion.navarra.es\/web\/wp-content\/uploads\/2025\/06\/Portada-e1749033570243.jpg 719w, https:\/\/catalinadefoix.educacion.navarra.es\/web\/wp-content\/uploads\/2025\/06\/Portada-e1749033570243-300x192.jpg 300w\" sizes=\"(max-width: 719px) 100vw, 719px\" \/><\/a><\/td><td class=\"has-text-align-center\" data-align=\"center\"><strong>3\u00ba Primaria<br>LAS FAMILIAS CUENTAN-VISITA PAQUITA ANSA<\/strong><br><a href=\"https:\/\/photos.app.goo.gl\/NaPL98Y41zSyCPDG8\" target=\"_blank\" rel=\"noreferrer noopener\"><strong>FOTOS<\/strong><\/a><\/td><\/tr><tr><td class=\"has-text-align-center\" data-align=\"center\"><img loading=\"lazy\" width=\"1195\" height=\"668\" class=\"wp-image-7918\" style=\"width: 150px;\" src=\"https:\/\/catalinadefoix.educacion.navarra.es\/web\/wp-content\/uploads\/2025\/05\/FOIXNEWS.jpg\" alt=\"\" srcset=\"https:\/\/catalinadefoix.educacion.navarra.es\/web\/wp-content\/uploads\/2025\/05\/FOIXNEWS.jpg 1195w, https:\/\/catalinadefoix.educacion.navarra.es\/web\/wp-content\/uploads\/2025\/05\/FOIXNEWS-300x168.jpg 300w, https:\/\/catalinadefoix.educacion.navarra.es\/web\/wp-content\/uploads\/2025\/05\/FOIXNEWS-1024x572.jpg 1024w, https:\/\/catalinadefoix.educacion.navarra.es\/web\/wp-content\/uploads\/2025\/05\/FOIXNEWS-768x429.jpg 768w\" sizes=\"(max-width: 1195px) 100vw, 1195px\" \/><\/td><td class=\"has-text-align-center\" data-align=\"center\"><strong>Campa\u00f1a de solidaridad<\/strong><br><strong>T\u00d3MBOLA SOLIDARIA 22 DE MAYO<\/strong><br><strong><a rel=\"noreferrer noopener\" href=\"https:\/\/drive.google.com\/file\/d\/1qjGfRleqTKOhZqUlsXIS78-Ito7nuPaO\/view?usp=sharing\" target=\"_blank\">V\u00cdDEO DE SENSIBILIZACI\u00d3N<\/a><\/strong><\/td><\/tr><tr><td class=\"has-text-align-center\" data-align=\"center\"><a href=\"https:\/\/photos.app.goo.gl\/dykieDKH4MTVAT87\"><img loading=\"lazy\" width=\"1024\" height=\"771\" class=\"wp-image-7905\" style=\"width: 150px;\" src=\"https:\/\/catalinadefoix.educacion.navarra.es\/web\/wp-content\/uploads\/2025\/04\/Portada.jpg\" alt=\"\" srcset=\"https:\/\/catalinadefoix.educacion.navarra.es\/web\/wp-content\/uploads\/2025\/04\/Portada.jpg 1024w, https:\/\/catalinadefoix.educacion.navarra.es\/web\/wp-content\/uploads\/2025\/04\/Portada-300x226.jpg 300w, https:\/\/catalinadefoix.educacion.navarra.es\/web\/wp-content\/uploads\/2025\/04\/Portada-768x578.jpg 768w\" sizes=\"(max-width: 1024px) 100vw, 1024px\" \/><\/a><\/td><td class=\"has-text-align-center\" data-align=\"center\"><strong>M\u00fasica<\/strong><br><strong>M\u00daSICA CON ESTILO: CUARTA Y QUINTA ENTREGAS<\/strong><br><strong><a rel=\"noreferrer noopener\" href=\"https:\/\/drive.google.com\/file\/d\/11V3l_7Eyu0iGqEulWpogPmalV7QfacMR\/view?usp=sharing\" target=\"_blank\">REGGAETON Y ELECTROPOP<\/a><\/strong><br><strong><a rel=\"noreferrer noopener\" href=\"https:\/\/drive.google.com\/file\/d\/1hd1gFk_A0Q_uR20TJOzLMJI-xQDmc6oD\/view?usp=sharing\" target=\"_blank\">POP<\/a><\/strong><br><strong><a rel=\"noreferrer noopener\" href=\"https:\/\/photos.app.goo.gl\/dykieDKH4MTVAT877\" target=\"_blank\">FOTOS<\/a><\/strong><\/td><\/tr><tr><td class=\"has-text-align-center\" data-align=\"center\"><a href=\"http:\/\/photos.app.goo.gl\/jzQFLNFaf7bdmKDR9\"><img loading=\"lazy\" width=\"1024\" height=\"768\" class=\"wp-image-7861\" style=\"width: 150px;\" src=\"https:\/\/catalinadefoix.educacion.navarra.es\/web\/wp-content\/uploads\/2025\/03\/Portada-1-1.jpg\" alt=\"\" srcset=\"https:\/\/catalinadefoix.educacion.navarra.es\/web\/wp-content\/uploads\/2025\/03\/Portada-1-1.jpg 1024w, https:\/\/catalinadefoix.educacion.navarra.es\/web\/wp-content\/uploads\/2025\/03\/Portada-1-1-300x225.jpg 300w, https:\/\/catalinadefoix.educacion.navarra.es\/web\/wp-content\/uploads\/2025\/03\/Portada-1-1-768x576.jpg 768w\" sizes=\"(max-width: 1024px) 100vw, 1024px\" \/><\/a><\/td><td class=\"has-text-align-center\" data-align=\"center\"><strong>3\u00ba de Primaria<br>PODCAST DE CUENTOS<\/strong><br><strong><a rel=\"noreferrer noopener\" href=\"https:\/\/drive.google.com\/drive\/folders\/1azBtvJOeokdnsAsnO-i4aKG8AGMAPIra?usp=drive_link\" target=\"_blank\">PODCAST<\/a><\/strong><br><strong><a rel=\"noreferrer noopener\" href=\"https:\/\/photos.app.goo.gl\/jzQFLNFaf7bdmKDR9\" target=\"_blank\">FOTOS<\/a><\/strong><\/td><\/tr><tr><td class=\"has-text-align-center\" data-align=\"center\"><a href=\"http:\/\/photos.app.goo.gl\/UWHHqf3aZTSB9Fc58\"><img loading=\"lazy\" width=\"1024\" height=\"863\" class=\"wp-image-7873\" style=\"width: 150px;\" src=\"https:\/\/catalinadefoix.educacion.navarra.es\/web\/wp-content\/uploads\/2025\/03\/Portada-1-2.jpg\" alt=\"\" srcset=\"https:\/\/catalinadefoix.educacion.navarra.es\/web\/wp-content\/uploads\/2025\/03\/Portada-1-2.jpg 1024w, https:\/\/catalinadefoix.educacion.navarra.es\/web\/wp-content\/uploads\/2025\/03\/Portada-1-2-300x253.jpg 300w, https:\/\/catalinadefoix.educacion.navarra.es\/web\/wp-content\/uploads\/2025\/03\/Portada-1-2-768x647.jpg 768w\" sizes=\"(max-width: 1024px) 100vw, 1024px\" \/><\/a><\/td><td class=\"has-text-align-center\" data-align=\"center\"><strong>3\u00ba de Primaria<br>SALIDA AL MUSEO DE LA UNIVERSIDAD DE NAVARRA<\/strong><br><strong><a rel=\"noreferrer noopener\" href=\"https:\/\/photos.app.goo.gl\/UWHHqf3aZTSB9Fc58\" target=\"_blank\">FOTOS<\/a><\/strong><br><strong><a rel=\"noreferrer noopener\" href=\"https:\/\/drive.google.com\/file\/d\/134odak8sxCDk40mPH3BM4MLm_kvmf4bG\/view?usp=sharing\" target=\"_blank\">V\u00cdDEO<\/a><\/strong><\/td><\/tr><tr><td class=\"has-text-align-center\" data-align=\"center\"><a href=\"http:\/\/photos.app.goo.gl\/gsjFBx6Fm6ui4d7K6\"><img loading=\"lazy\" width=\"1024\" height=\"1071\" class=\"wp-image-7882\" style=\"width: 150px;\" src=\"https:\/\/catalinadefoix.educacion.navarra.es\/web\/wp-content\/uploads\/2025\/03\/Portada.jpg\" alt=\"\" srcset=\"https:\/\/catalinadefoix.educacion.navarra.es\/web\/wp-content\/uploads\/2025\/03\/Portada.jpg 1024w, https:\/\/catalinadefoix.educacion.navarra.es\/web\/wp-content\/uploads\/2025\/03\/Portada-287x300.jpg 287w, https:\/\/catalinadefoix.educacion.navarra.es\/web\/wp-content\/uploads\/2025\/03\/Portada-979x1024.jpg 979w, https:\/\/catalinadefoix.educacion.navarra.es\/web\/wp-content\/uploads\/2025\/03\/Portada-768x803.jpg 768w\" sizes=\"(max-width: 1024px) 100vw, 1024px\" \/><\/a><\/td><td class=\"has-text-align-center\" data-align=\"center\"><strong>M\u00fasica<\/strong><br><strong>M\u00daSICA CON ESTILO: TERCERA ENTREGA<\/strong><br><strong><a rel=\"noreferrer noopener\" href=\"https:\/\/drive.google.com\/file\/d\/1ZvPRWNuKDnegCcuQ3xYPs2Lsa3_KRO5a\/view?usp=sharing\" target=\"_blank\">PODCAST<\/a><\/strong><br><strong><a rel=\"noreferrer noopener\" href=\"https:\/\/photos.app.goo.gl\/gsjFBx6Fm6ui4d7K6\" target=\"_blank\">FOTOS<\/a><\/strong><\/td><\/tr><tr><td class=\"has-text-align-center\" data-align=\"center\"><a href=\"http:\/\/photos.app.goo.gl\/3J54NP6aYT4w9B427\"><img loading=\"lazy\" width=\"1024\" height=\"768\" class=\"wp-image-7860\" style=\"width: 150px;\" src=\"https:\/\/catalinadefoix.educacion.navarra.es\/web\/wp-content\/uploads\/2025\/03\/Portada1.jpg\" alt=\"\" srcset=\"https:\/\/catalinadefoix.educacion.navarra.es\/web\/wp-content\/uploads\/2025\/03\/Portada1.jpg 1024w, https:\/\/catalinadefoix.educacion.navarra.es\/web\/wp-content\/uploads\/2025\/03\/Portada1-300x225.jpg 300w, https:\/\/catalinadefoix.educacion.navarra.es\/web\/wp-content\/uploads\/2025\/03\/Portada1-768x576.jpg 768w\" sizes=\"(max-width: 1024px) 100vw, 1024px\" \/><\/a><\/td><td class=\"has-text-align-center\" data-align=\"center\"><strong>3\u00ba de Primaria<\/strong><br><strong>SALIDA AL PARQUE POLO<\/strong><br><strong><a rel=\"noreferrer noopener\" href=\"https:\/\/photos.app.goo.gl\/3J54NP6aYT4w9B427\" target=\"_blank\">FOTOS<\/a><\/strong><br><strong><a rel=\"noreferrer noopener\" href=\"https:\/\/drive.google.com\/drive\/folders\/1nnDN7m-MzYhZbGCsYGiQr1wJsxmvfOMl?usp=drive_link\" target=\"_blank\">VIDEOS<\/a><\/strong><\/td><\/tr><tr><td class=\"has-text-align-center\" data-align=\"center\"><a href=\"http:\/\/photos.app.goo.gl\/vnFCfNrUggA9QJRq6\"><img loading=\"lazy\" width=\"943\" height=\"552\" class=\"wp-image-7862\" style=\"width: 150px;\" src=\"https:\/\/catalinadefoix.educacion.navarra.es\/web\/wp-content\/uploads\/2025\/03\/0EC44AA2-F60B-4511-8BF2-2F52444E83DC.jpg\" alt=\"\" srcset=\"https:\/\/catalinadefoix.educacion.navarra.es\/web\/wp-content\/uploads\/2025\/03\/0EC44AA2-F60B-4511-8BF2-2F52444E83DC.jpg 943w, https:\/\/catalinadefoix.educacion.navarra.es\/web\/wp-content\/uploads\/2025\/03\/0EC44AA2-F60B-4511-8BF2-2F52444E83DC-300x176.jpg 300w, https:\/\/catalinadefoix.educacion.navarra.es\/web\/wp-content\/uploads\/2025\/03\/0EC44AA2-F60B-4511-8BF2-2F52444E83DC-768x450.jpg 768w\" sizes=\"(max-width: 943px) 100vw, 943px\" \/><\/a><\/td><td class=\"has-text-align-center\" data-align=\"center\"><strong>Carnaval<\/strong><br><strong>CARNAVAL RURAL 2025<\/strong><br><strong><a rel=\"noreferrer noopener\" href=\"https:\/\/photos.app.goo.gl\/vnFCfNrUggA9QJRq6\" target=\"_blank\">FOTOS<\/a><\/strong><br><strong><a rel=\"noreferrer noopener\" href=\"https:\/\/drive.google.com\/drive\/folders\/1fRKuSALQONE8dAtammAFJklrGRRkYYix?usp=sharing\" target=\"_blank\">V\u00cdDEOS<\/a><\/strong><\/td><\/tr><tr><td class=\"has-text-align-center\" data-align=\"center\"><a href=\"http:\/\/photos.app.goo.gl\/z89GdNohyNGZZyUs9\"><img loading=\"lazy\" width=\"1024\" height=\"511\" class=\"wp-image-7879\" style=\"width: 150px;\" src=\"https:\/\/catalinadefoix.educacion.navarra.es\/web\/wp-content\/uploads\/2025\/03\/Portada-2.jpg\" alt=\"\" srcset=\"https:\/\/catalinadefoix.educacion.navarra.es\/web\/wp-content\/uploads\/2025\/03\/Portada-2.jpg 1024w, https:\/\/catalinadefoix.educacion.navarra.es\/web\/wp-content\/uploads\/2025\/03\/Portada-2-300x150.jpg 300w, https:\/\/catalinadefoix.educacion.navarra.es\/web\/wp-content\/uploads\/2025\/03\/Portada-2-768x383.jpg 768w\" sizes=\"(max-width: 1024px) 100vw, 1024px\" \/><\/a><\/td><td class=\"has-text-align-center\" data-align=\"center\"><strong>3\u00ba de Primaria<br>CAMPAMENTO BASABERE<\/strong><br><strong><a rel=\"noreferrer noopener\" href=\"https:\/\/photos.app.goo.gl\/z89GdNohyNGZZyUs9\" target=\"_blank\">FOTOS<\/a><\/strong><br><strong><a rel=\"noreferrer noopener\" href=\"https:\/\/drive.google.com\/drive\/folders\/1oCteU9-X6uMMBTZaHsGypi7jB-LH6V2s?usp=drive_link\" target=\"_blank\">VIDEOS<\/a><\/strong><\/td><\/tr><tr><td class=\"has-text-align-center\" data-align=\"center\"><a href=\"http:\/\/photos.app.goo.gl\/Z5fexmmTJF8H5fRG7\"><img loading=\"lazy\" width=\"1024\" height=\"771\" class=\"wp-image-7853\" style=\"width: 150px;\" src=\"https:\/\/catalinadefoix.educacion.navarra.es\/web\/wp-content\/uploads\/2025\/03\/Portada-1.jpg\" alt=\"\" srcset=\"https:\/\/catalinadefoix.educacion.navarra.es\/web\/wp-content\/uploads\/2025\/03\/Portada-1.jpg 1024w, https:\/\/catalinadefoix.educacion.navarra.es\/web\/wp-content\/uploads\/2025\/03\/Portada-1-300x226.jpg 300w, https:\/\/catalinadefoix.educacion.navarra.es\/web\/wp-content\/uploads\/2025\/03\/Portada-1-768x578.jpg 768w\" sizes=\"(max-width: 1024px) 100vw, 1024px\" \/><\/a><\/td><td class=\"has-text-align-center\" data-align=\"center\"><strong>M\u00fasica<\/strong><br><strong>M\u00daSICA CON ESTILO: SEGUNDA ENTREGA<\/strong><br><strong><a rel=\"noreferrer noopener\" href=\"https:\/\/drive.google.com\/file\/d\/1L5oZdEUDjAuf1B_Awte6IZvYa9LA5Y3F\/view\" target=\"_blank\">PODCAST<\/a><\/strong><br><strong><a rel=\"noreferrer noopener\" href=\"https:\/\/photos.app.goo.gl\/Z5fexmmTJF8H5fRG7\" target=\"_blank\">FOTOS<\/a><\/strong><\/td><\/tr><tr><td class=\"has-text-align-center\" data-align=\"center\"><img loading=\"lazy\" width=\"960\" height=\"410\" class=\"wp-image-7839\" style=\"width: 150px;\" src=\"https:\/\/catalinadefoix.educacion.navarra.es\/web\/wp-content\/uploads\/2025\/02\/Portada-Danza-1.jpg\" alt=\"\" srcset=\"https:\/\/catalinadefoix.educacion.navarra.es\/web\/wp-content\/uploads\/2025\/02\/Portada-Danza-1.jpg 960w, https:\/\/catalinadefoix.educacion.navarra.es\/web\/wp-content\/uploads\/2025\/02\/Portada-Danza-1-300x128.jpg 300w, https:\/\/catalinadefoix.educacion.navarra.es\/web\/wp-content\/uploads\/2025\/02\/Portada-Danza-1-768x328.jpg 768w\" sizes=\"(max-width: 960px) 100vw, 960px\" \/><\/td><td class=\"has-text-align-center\" data-align=\"center\"><strong>5\u00ba de Primaria<\/strong><br><strong>SEMANA DE LA DANZA<\/strong><br><strong><a rel=\"noreferrer noopener\" href=\"https:\/\/drive.google.com\/file\/d\/1p59zHpEcw6ISjItp0x3RPSRVjYxgpExA\/view?usp=drive_link\" target=\"_blank\">5\u00ba A<\/a><\/strong>    <strong><a rel=\"noreferrer noopener\" href=\"https:\/\/drive.google.com\/file\/d\/1MlBatXK3cYOs9fAX4M74tTzMfrYzVGHM\/view?usp=sharing\" target=\"_blank\">5\u00ba B<\/a><\/strong>    <strong><a rel=\"noreferrer noopener\" href=\"https:\/\/drive.google.com\/file\/d\/1103Ft58d4rtaII5X2fr1k632pGhG2rVo\/view?usp=drive_link\" target=\"_blank\">5\u00ba C<\/a><\/strong><\/td><\/tr><tr><td class=\"has-text-align-center\" data-align=\"center\"><a href=\"http:\/\/photos.app.goo.gl\/o7MdMb1CrK9397Qf7\"><img loading=\"lazy\" width=\"1024\" height=\"768\" class=\"wp-image-7820\" style=\"width: 150px;\" src=\"https:\/\/catalinadefoix.educacion.navarra.es\/web\/wp-content\/uploads\/2025\/02\/Portada.jpg\" alt=\"\" srcset=\"https:\/\/catalinadefoix.educacion.navarra.es\/web\/wp-content\/uploads\/2025\/02\/Portada.jpg 1024w, https:\/\/catalinadefoix.educacion.navarra.es\/web\/wp-content\/uploads\/2025\/02\/Portada-300x225.jpg 300w, https:\/\/catalinadefoix.educacion.navarra.es\/web\/wp-content\/uploads\/2025\/02\/Portada-768x576.jpg 768w\" sizes=\"(max-width: 1024px) 100vw, 1024px\" \/><\/a><\/td><td class=\"has-text-align-center\" data-align=\"center\"><strong>2\u00ba de Primaria<\/strong><br><strong>VISITA DE LA NARRADORA SUSI LILLO<\/strong><br><strong><a rel=\"noreferrer noopener\" href=\"https:\/\/photos.app.goo.gl\/o7MdMb1CrK9397Qf7\" target=\"_blank\">FOTOS<\/a><\/strong><\/td><\/tr><tr><td class=\"has-text-align-center\" data-align=\"center\"><img loading=\"lazy\" width=\"1512\" height=\"2016\" class=\"wp-image-7815\" style=\"width: 150px;\" src=\"https:\/\/catalinadefoix.educacion.navarra.es\/web\/wp-content\/uploads\/2025\/02\/IMG_0058-rotated.jpg\" alt=\"\" srcset=\"https:\/\/catalinadefoix.educacion.navarra.es\/web\/wp-content\/uploads\/2025\/02\/IMG_0058-rotated.jpg 1512w, https:\/\/catalinadefoix.educacion.navarra.es\/web\/wp-content\/uploads\/2025\/02\/IMG_0058-225x300.jpg 225w, https:\/\/catalinadefoix.educacion.navarra.es\/web\/wp-content\/uploads\/2025\/02\/IMG_0058-768x1024.jpg 768w, https:\/\/catalinadefoix.educacion.navarra.es\/web\/wp-content\/uploads\/2025\/02\/IMG_0058-1152x1536.jpg 1152w\" sizes=\"(max-width: 1512px) 100vw, 1512px\" \/><\/td><td class=\"has-text-align-center\" data-align=\"center\"><strong>Franc\u00e9s<\/strong><br><strong>TALLERES EN FRANC\u00c9S<\/strong><br><a rel=\"noreferrer noopener\" href=\"https:\/\/drive.google.com\/drive\/folders\/1rt3WR9m94XOAtABuZMiWZ8KlK8QxKrCz?usp=sharing\" target=\"_blank\"><strong><strong>TALLER DE JOYAS<\/strong><\/strong><\/a><br><strong><a rel=\"noreferrer noopener\" href=\"https:\/\/drive.google.com\/drive\/folders\/1CbxSAYNjFZZHHH2LHXfY35FDYr-ABYh7?usp=sharing\" target=\"_blank\"><strong>TALLER DE CUENTOS<\/strong><\/a><\/strong><br><strong><a rel=\"noreferrer noopener\" href=\"https:\/\/drive.google.com\/drive\/folders\/1lakHZ0Y0l13YhW1Ukx9NnAq8s1KbhhJw?usp=sharing\" target=\"_blank\"><strong>TALLER DE MACARONS<\/strong><\/a><\/strong><br><strong><a rel=\"noreferrer noopener\" href=\"https:\/\/drive.google.com\/drive\/folders\/1Iglbb0c7CF-L-PuVUfyhCRMLJ9k_aqc3?usp=sharing\" target=\"_blank\"><strong>TALLER DE PERFUMES<\/strong><\/a><\/strong><\/td><\/tr><tr><td class=\"has-text-align-center\" data-align=\"center\"><a href=\"http:\/\/photos.app.goo.gl\/o7MdMb1CrK9397Qf7\"><img loading=\"lazy\" width=\"1600\" height=\"1200\" class=\"wp-image-7803\" style=\"width: 150px;\" src=\"https:\/\/catalinadefoix.educacion.navarra.es\/web\/wp-content\/uploads\/2025\/01\/4a38290a-cff1-4984-b18c-9d417b7cd64c.jpg\" alt=\"\" srcset=\"https:\/\/catalinadefoix.educacion.navarra.es\/web\/wp-content\/uploads\/2025\/01\/4a38290a-cff1-4984-b18c-9d417b7cd64c.jpg 1600w, https:\/\/catalinadefoix.educacion.navarra.es\/web\/wp-content\/uploads\/2025\/01\/4a38290a-cff1-4984-b18c-9d417b7cd64c-300x225.jpg 300w, https:\/\/catalinadefoix.educacion.navarra.es\/web\/wp-content\/uploads\/2025\/01\/4a38290a-cff1-4984-b18c-9d417b7cd64c-1024x768.jpg 1024w, https:\/\/catalinadefoix.educacion.navarra.es\/web\/wp-content\/uploads\/2025\/01\/4a38290a-cff1-4984-b18c-9d417b7cd64c-768x576.jpg 768w, https:\/\/catalinadefoix.educacion.navarra.es\/web\/wp-content\/uploads\/2025\/01\/4a38290a-cff1-4984-b18c-9d417b7cd64c-1536x1152.jpg 1536w\" sizes=\"(max-width: 1600px) 100vw, 1600px\" \/><\/a><\/td><td class=\"has-text-align-center\" data-align=\"center\"><strong>6\u00ba de Primaria<\/strong><br><strong>SEMANA DE LA NIEVE<\/strong><br><strong><a rel=\"noreferrer noopener\" href=\"https:\/\/photos.app.goo.gl\/eXhNKaz6uggX8W5e7\" target=\"_blank\">FOTOS Y V\u00cdDEOS<\/a><\/strong><br><strong><a rel=\"noreferrer noopener\" href=\"https:\/\/drive.google.com\/file\/d\/1EkVIBp31SvYOZJo_-Iy8NfYPTBaGdZL-\/view?usp=sharing\" target=\"_blank\">V\u00cdDEO RESUMEN<\/a><\/strong> <\/td><\/tr><tr><td class=\"has-text-align-center\" data-align=\"center\"><img loading=\"lazy\" width=\"815\" height=\"715\" class=\"wp-image-7981\" style=\"width: 150px;\" src=\"https:\/\/catalinadefoix.educacion.navarra.es\/web\/wp-content\/uploads\/2025\/06\/mejor-solo-imagen-de-podcast-con-fondo-de-color-1.jpg\" alt=\"\" srcset=\"https:\/\/catalinadefoix.educacion.navarra.es\/web\/wp-content\/uploads\/2025\/06\/mejor-solo-imagen-de-podcast-con-fondo-de-color-1.jpg 815w, https:\/\/catalinadefoix.educacion.navarra.es\/web\/wp-content\/uploads\/2025\/06\/mejor-solo-imagen-de-podcast-con-fondo-de-color-1-300x263.jpg 300w, https:\/\/catalinadefoix.educacion.navarra.es\/web\/wp-content\/uploads\/2025\/06\/mejor-solo-imagen-de-podcast-con-fondo-de-color-1-768x674.jpg 768w\" sizes=\"(max-width: 815px) 100vw, 815px\" \/><\/td><td class=\"has-text-align-center\" data-align=\"center\"><strong>M\u00fasica<\/strong><br><strong>MUSICA CON ESTILO: EL PODCAST QUE ESTABAIS ESPERANDO<\/strong><br><strong><a rel=\"noreferrer noopener\" href=\"https:\/\/drive.google.com\/file\/d\/1r8pgYxrVWG2BzI0BMTnbqa1Cbjvpd-K5\/view?usp=drivesdk\" target=\"_blank\">PODCAST<\/a><\/strong><\/td><\/tr><tr><td class=\"has-text-align-center\" data-align=\"center\"><a href=\"http:\/\/photos.app.goo.gl\/K6QNy7fC9GNCxawH8\"><img loading=\"lazy\" width=\"1000\" height=\"542\" class=\"wp-image-7791\" style=\"width: 150px;\" src=\"https:\/\/catalinadefoix.educacion.navarra.es\/web\/wp-content\/uploads\/2025\/01\/Portada-1.jpg\" alt=\"\" srcset=\"https:\/\/catalinadefoix.educacion.navarra.es\/web\/wp-content\/uploads\/2025\/01\/Portada-1.jpg 1000w, https:\/\/catalinadefoix.educacion.navarra.es\/web\/wp-content\/uploads\/2025\/01\/Portada-1-300x163.jpg 300w, https:\/\/catalinadefoix.educacion.navarra.es\/web\/wp-content\/uploads\/2025\/01\/Portada-1-768x416.jpg 768w\" sizes=\"(max-width: 1000px) 100vw, 1000px\" \/><\/a><\/td><td class=\"has-text-align-center\" data-align=\"center\"><strong>Navidad<\/strong><br><strong>3\u00ba DE INFANTIL: THE POLAR EXPRESS<\/strong><br><strong><a rel=\"noreferrer noopener\" href=\"https:\/\/photos.app.goo.gl\/K6QNy7fC9GNCxawH8\" target=\"_blank\">FOTOS<\/a><\/strong><\/td><\/tr><tr><td class=\"has-text-align-center\" data-align=\"center\"><a href=\"http:\/\/photos.app.goo.gl\/Lg34ULXfvfviKNRu9\"><img loading=\"lazy\" width=\"2000\" height=\"1500\" class=\"wp-image-7786\" style=\"width: 150px;\" src=\"https:\/\/catalinadefoix.educacion.navarra.es\/web\/wp-content\/uploads\/2025\/01\/concierto-4B.jpg\" alt=\"\" srcset=\"https:\/\/catalinadefoix.educacion.navarra.es\/web\/wp-content\/uploads\/2025\/01\/concierto-4B.jpg 2000w, https:\/\/catalinadefoix.educacion.navarra.es\/web\/wp-content\/uploads\/2025\/01\/concierto-4B-300x225.jpg 300w, https:\/\/catalinadefoix.educacion.navarra.es\/web\/wp-content\/uploads\/2025\/01\/concierto-4B-1024x768.jpg 1024w, https:\/\/catalinadefoix.educacion.navarra.es\/web\/wp-content\/uploads\/2025\/01\/concierto-4B-768x576.jpg 768w, https:\/\/catalinadefoix.educacion.navarra.es\/web\/wp-content\/uploads\/2025\/01\/concierto-4B-1536x1152.jpg 1536w\" sizes=\"(max-width: 2000px) 100vw, 2000px\" \/><\/a><\/td><td class=\"has-text-align-center\" data-align=\"center\"><strong>Navidad<\/strong><br><strong>4\u00ba DE PRIMARIA: ACTIVIDADES NAVIDE\u00d1AS<\/strong><br><strong><a rel=\"noreferrer noopener\" href=\"https:\/\/photos.app.goo.gl\/Lg34ULXfvfviKNRu9\" target=\"_blank\">FOTOS<\/a><\/strong><\/td><\/tr><tr><td class=\"has-text-align-center\" data-align=\"center\"><a href=\"http:\/\/drive.google.com\/drive\/folders\/1gGPdQJawAQ8ZzsJePIVARvpMSYCNB45u?usp=sharing\"><img loading=\"lazy\" width=\"2000\" height=\"1333\" class=\"wp-image-7775\" style=\"width: 150px;\" src=\"https:\/\/catalinadefoix.educacion.navarra.es\/web\/wp-content\/uploads\/2025\/01\/9DFEC68F-5B08-4434-BA2E-0FB0AC67A1F6.jpeg\" alt=\"\" srcset=\"https:\/\/catalinadefoix.educacion.navarra.es\/web\/wp-content\/uploads\/2025\/01\/9DFEC68F-5B08-4434-BA2E-0FB0AC67A1F6.jpeg 2000w, https:\/\/catalinadefoix.educacion.navarra.es\/web\/wp-content\/uploads\/2025\/01\/9DFEC68F-5B08-4434-BA2E-0FB0AC67A1F6-300x200.jpeg 300w, https:\/\/catalinadefoix.educacion.navarra.es\/web\/wp-content\/uploads\/2025\/01\/9DFEC68F-5B08-4434-BA2E-0FB0AC67A1F6-1024x682.jpeg 1024w, https:\/\/catalinadefoix.educacion.navarra.es\/web\/wp-content\/uploads\/2025\/01\/9DFEC68F-5B08-4434-BA2E-0FB0AC67A1F6-768x512.jpeg 768w, https:\/\/catalinadefoix.educacion.navarra.es\/web\/wp-content\/uploads\/2025\/01\/9DFEC68F-5B08-4434-BA2E-0FB0AC67A1F6-1536x1024.jpeg 1536w\" sizes=\"(max-width: 2000px) 100vw, 2000px\" \/><\/a><\/td><td class=\"has-text-align-center\" data-align=\"center\"><strong>Navidad<\/strong><br><strong>DIA 20 DE DICIEMBRE. VISITA DE LOS PERSONAJES NAVIDE\u00d1OS<\/strong><br><strong><a rel=\"noreferrer noopener\" href=\"https:\/\/drive.google.com\/drive\/folders\/1gGPdQJawAQ8ZzsJePIVARvpMSYCNB45u?usp=sharing\" target=\"_blank\">FOTOS<\/a><\/strong><\/td><\/tr><tr><td class=\"has-text-align-center\" data-align=\"center\"><a href=\"http:\/\/drive.google.com\/drive\/folders\/1e4qmfe4YoEadZb2H5475USBUNV_h2D3y?usp=sharing\"><img loading=\"lazy\" width=\"776\" height=\"809\" class=\"wp-image-7767\" style=\"width: 150px;\" src=\"https:\/\/catalinadefoix.educacion.navarra.es\/web\/wp-content\/uploads\/2025\/01\/IMG_9268.jpg\" alt=\"\" srcset=\"https:\/\/catalinadefoix.educacion.navarra.es\/web\/wp-content\/uploads\/2025\/01\/IMG_9268.jpg 776w, https:\/\/catalinadefoix.educacion.navarra.es\/web\/wp-content\/uploads\/2025\/01\/IMG_9268-288x300.jpg 288w, https:\/\/catalinadefoix.educacion.navarra.es\/web\/wp-content\/uploads\/2025\/01\/IMG_9268-768x801.jpg 768w\" sizes=\"(max-width: 776px) 100vw, 776px\" \/><\/a><\/td><td class=\"has-text-align-center\" data-align=\"center\"><strong>Navidad<\/strong><br><strong>TALLERES NAVIDAD<\/strong><br><strong><a rel=\"noreferrer noopener\" href=\"https:\/\/drive.google.com\/drive\/folders\/1e4qmfe4YoEadZb2H5475USBUNV_h2D3y?usp=sharing\" target=\"_blank\">FOTOS<\/a><\/strong><\/td><\/tr><tr><td class=\"has-text-align-center\" data-align=\"center\"><a href=\"http:\/\/photos.app.goo.gl\/RUPgWr1LRm53Mnqr6\"><img loading=\"lazy\" width=\"1921\" height=\"1226\" class=\"wp-image-7753\" style=\"width: 150px;\" src=\"https:\/\/catalinadefoix.educacion.navarra.es\/web\/wp-content\/uploads\/2025\/01\/Portada.jpg\" alt=\"\" srcset=\"https:\/\/catalinadefoix.educacion.navarra.es\/web\/wp-content\/uploads\/2025\/01\/Portada.jpg 1921w, https:\/\/catalinadefoix.educacion.navarra.es\/web\/wp-content\/uploads\/2025\/01\/Portada-300x191.jpg 300w, https:\/\/catalinadefoix.educacion.navarra.es\/web\/wp-content\/uploads\/2025\/01\/Portada-1024x654.jpg 1024w, https:\/\/catalinadefoix.educacion.navarra.es\/web\/wp-content\/uploads\/2025\/01\/Portada-768x490.jpg 768w, https:\/\/catalinadefoix.educacion.navarra.es\/web\/wp-content\/uploads\/2025\/01\/Portada-1536x980.jpg 1536w\" sizes=\"(max-width: 1921px) 100vw, 1921px\" \/><\/a><\/td><td class=\"has-text-align-center\" data-align=\"center\"><strong>Festivales Navidad 2024<br>CONCIERTOS DE NAVIDAD<\/strong><br><strong><a rel=\"noreferrer noopener\" href=\"https:\/\/photos.app.goo.gl\/RUPgWr1LRm53Mnqr6\" target=\"_blank\">FOTOS<\/a><\/strong><br><a rel=\"noreferrer noopener\" href=\"https:\/\/drive.google.com\/drive\/folders\/1TBJ-WlK8W_0IetiZ-8IoZmAmVyfHLENv?usp=sharing\" target=\"_blank\"><strong>V\u00cdDEOS<\/strong><\/a><\/td><\/tr><tr><td class=\"has-text-align-center\" data-align=\"center\"><a href=\"http:\/\/drive.google.com\/file\/d\/1B-_xRckFBXQ_7jq5syzESwAhV3O443cK\/view?usp=sharing\"><img loading=\"lazy\" width=\"2000\" height=\"1126\" class=\"wp-image-7743\" style=\"width: 150px;\" src=\"https:\/\/catalinadefoix.educacion.navarra.es\/web\/wp-content\/uploads\/2024\/12\/20241217_112133.jpg\" alt=\"\" srcset=\"https:\/\/catalinadefoix.educacion.navarra.es\/web\/wp-content\/uploads\/2024\/12\/20241217_112133.jpg 2000w, https:\/\/catalinadefoix.educacion.navarra.es\/web\/wp-content\/uploads\/2024\/12\/20241217_112133-300x169.jpg 300w, https:\/\/catalinadefoix.educacion.navarra.es\/web\/wp-content\/uploads\/2024\/12\/20241217_112133-1024x577.jpg 1024w, https:\/\/catalinadefoix.educacion.navarra.es\/web\/wp-content\/uploads\/2024\/12\/20241217_112133-768x432.jpg 768w, https:\/\/catalinadefoix.educacion.navarra.es\/web\/wp-content\/uploads\/2024\/12\/20241217_112133-1536x865.jpg 1536w\" sizes=\"(max-width: 2000px) 100vw, 2000px\" \/><\/a><\/td><td class=\"has-text-align-center\" data-align=\"center\"><strong>25N<\/strong><br><strong>CONCURSO PEGATINAS POR LA IGUALDAD Y LOS BUENOS TRATOS<\/strong><br><strong><a rel=\"noreferrer noopener\" href=\"https:\/\/drive.google.com\/file\/d\/1B-_xRckFBXQ_7jq5syzESwAhV3O443cK\/view?usp=sharing\" target=\"_blank\">DIBUJO GANADOR<\/a><\/strong><\/td><\/tr><tr><td class=\"has-text-align-center\" data-align=\"center\"><a href=\"http:\/\/photos.app.goo.gl\/Z55SSvF9wDXPv9cy9\"><img loading=\"lazy\" width=\"1852\" height=\"850\" class=\"wp-image-7711\" style=\"width: 150px;\" src=\"https:\/\/catalinadefoix.educacion.navarra.es\/web\/wp-content\/uploads\/2024\/11\/IMG_20241031_083150.jpg\" alt=\"\" srcset=\"https:\/\/catalinadefoix.educacion.navarra.es\/web\/wp-content\/uploads\/2024\/11\/IMG_20241031_083150.jpg 1852w, https:\/\/catalinadefoix.educacion.navarra.es\/web\/wp-content\/uploads\/2024\/11\/IMG_20241031_083150-300x138.jpg 300w, https:\/\/catalinadefoix.educacion.navarra.es\/web\/wp-content\/uploads\/2024\/11\/IMG_20241031_083150-1024x470.jpg 1024w, https:\/\/catalinadefoix.educacion.navarra.es\/web\/wp-content\/uploads\/2024\/11\/IMG_20241031_083150-768x352.jpg 768w, https:\/\/catalinadefoix.educacion.navarra.es\/web\/wp-content\/uploads\/2024\/11\/IMG_20241031_083150-1536x705.jpg 1536w\" sizes=\"(max-width: 1852px) 100vw, 1852px\" \/><\/a><\/td><td class=\"has-text-align-center\" data-align=\"center\"><strong>Halloween<\/strong><br><strong>HALLOWEEN<\/strong><br><strong><a rel=\"noreferrer noopener\" href=\"https:\/\/drive.google.com\/file\/d\/1zTOnehBDuWSfolAkGBPdeX2ozrZEslud\/view?usp=sharing\" target=\"_blank\">BOLET\u00cdN 3<\/a><\/strong><br><strong><a rel=\"noreferrer noopener\" href=\"https:\/\/photos.app.goo.gl\/Z55SSvF9wDXPv9cy9\" target=\"_blank\">FOTOS<\/a><\/strong><\/td><\/tr><tr><td class=\"has-text-align-center\" data-align=\"center\"><a href=\"http:\/\/photos.app.goo.gl\/1jeTeKN5oe6aF1zS9\"><img loading=\"lazy\" width=\"1024\" height=\"768\" class=\"wp-image-7701\" style=\"width: 150px;\" src=\"https:\/\/catalinadefoix.educacion.navarra.es\/web\/wp-content\/uploads\/2024\/11\/Portada-reducida.jpg\" alt=\"\" srcset=\"https:\/\/catalinadefoix.educacion.navarra.es\/web\/wp-content\/uploads\/2024\/11\/Portada-reducida.jpg 1024w, https:\/\/catalinadefoix.educacion.navarra.es\/web\/wp-content\/uploads\/2024\/11\/Portada-reducida-300x225.jpg 300w, https:\/\/catalinadefoix.educacion.navarra.es\/web\/wp-content\/uploads\/2024\/11\/Portada-reducida-768x576.jpg 768w\" sizes=\"(max-width: 1024px) 100vw, 1024px\" \/><\/a><\/td><td class=\"has-text-align-center\" data-align=\"center\"><strong>4\u00ba Primaria<br>CAMPAMENTO ASTIZ<\/strong><br><a rel=\"noreferrer noopener\" href=\"https:\/\/photos.app.goo.gl\/1jeTeKN5oe6aF1zS9\" target=\"_blank\"><strong>FOTOS<\/strong><\/a><\/td><\/tr><tr><td class=\"has-text-align-center\" data-align=\"center\"><a href=\"http:\/\/photos.app.goo.gl\/H9uXGBFW6atmpdA48\"><img loading=\"lazy\" width=\"1026\" height=\"770\" class=\"wp-image-7678\" style=\"width: 150px;\" src=\"https:\/\/catalinadefoix.educacion.navarra.es\/web\/wp-content\/uploads\/2024\/10\/AGRICULTORAS_reducida-.jpg\" alt=\"\" srcset=\"https:\/\/catalinadefoix.educacion.navarra.es\/web\/wp-content\/uploads\/2024\/10\/AGRICULTORAS_reducida-.jpg 1026w, https:\/\/catalinadefoix.educacion.navarra.es\/web\/wp-content\/uploads\/2024\/10\/AGRICULTORAS_reducida--300x225.jpg 300w, https:\/\/catalinadefoix.educacion.navarra.es\/web\/wp-content\/uploads\/2024\/10\/AGRICULTORAS_reducida--1024x768.jpg 1024w, https:\/\/catalinadefoix.educacion.navarra.es\/web\/wp-content\/uploads\/2024\/10\/AGRICULTORAS_reducida--768x576.jpg 768w\" sizes=\"(max-width: 1026px) 100vw, 1026px\" \/><\/a><\/td><td class=\"has-text-align-center\" data-align=\"center\"><strong>6\u00ba Primaria<br>CHARLA DE LA UAGN<\/strong><br><strong><a rel=\"noreferrer noopener\" href=\"https:\/\/photos.app.goo.gl\/H9uXGBFW6atmpdA48\" target=\"_blank\">FOTOS<\/a><\/strong><br><strong><a rel=\"noreferrer noopener\" href=\"https:\/\/www.youtube.com\/watch?v=sTayqOKzMk8\" target=\"_blank\">V\u00cdDEO<\/a><\/strong><\/td><\/tr><tr><td class=\"has-text-align-center\" data-align=\"center\"><a href=\"http:\/\/drive.google.com\/file\/d\/1fzSg_5L1YZmaA2nEuu7jY_GQZRWKAA01\/view?usp=sharing\"><img loading=\"lazy\" width=\"2000\" height=\"1413\" class=\"wp-image-7673\" style=\"width: 150px;\" src=\"https:\/\/catalinadefoix.educacion.navarra.es\/web\/wp-content\/uploads\/2024\/10\/20240923_113314.jpg\" alt=\"\" srcset=\"https:\/\/catalinadefoix.educacion.navarra.es\/web\/wp-content\/uploads\/2024\/10\/20240923_113314.jpg 2000w, https:\/\/catalinadefoix.educacion.navarra.es\/web\/wp-content\/uploads\/2024\/10\/20240923_113314-300x212.jpg 300w, https:\/\/catalinadefoix.educacion.navarra.es\/web\/wp-content\/uploads\/2024\/10\/20240923_113314-1024x723.jpg 1024w, https:\/\/catalinadefoix.educacion.navarra.es\/web\/wp-content\/uploads\/2024\/10\/20240923_113314-768x543.jpg 768w, https:\/\/catalinadefoix.educacion.navarra.es\/web\/wp-content\/uploads\/2024\/10\/20240923_113314-1536x1085.jpg 1536w\" sizes=\"(max-width: 2000px) 100vw, 2000px\" \/><\/a><\/td><td class=\"has-text-align-center\" data-align=\"center\"><strong>Mediaci\u00f3n<\/strong><br><strong>MEDIADORAS Y MEDIADORES<\/strong><br><strong><a rel=\"noreferrer noopener\" href=\"https:\/\/drive.google.com\/file\/d\/1fzSg_5L1YZmaA2nEuu7jY_GQZRWKAA01\/view?usp=sharing\" target=\"_blank\">TR\u00cdPTICO<\/a><\/strong><\/td><\/tr><\/tbody><\/table><\/figure>\n<\/div><\/div>\n<\/div>\n<\/div>\n\n\n\n<p><\/p>\n","protected":false},"excerpt":{"rendered":"<p>ArtePANTONE 211FOTOSV\u00cdDEO InfantilTALLERES INTERNIVELARESFOTOS M\u00fasicaM\u00daSICA CON ESTILO: S\u00c9PTIMA ENTREGAPODCASTFOTOS M\u00fasicaM\u00daSICA CON ESTILO: SEXTA ENTREGAPODCAST 6\u00ba Primaria Franc\u00e9sSALIDA A HENDAYAFOTOS 3\u00ba PrimariaLAS FAMILIAS CUENTAN-VISITA PAQUITA ANSAFOTOS Campa\u00f1a de solidaridadT\u00d3MBOLA SOLIDARIA 22 DE MAYOV\u00cdDEO DE SENSIBILIZACI\u00d3N M\u00fasicaM\u00daSICA CON ESTILO: CUARTA Y QUINTA ENTREGASREGGAETON Y ELECTROPOPPOPFOTOS 3\u00ba de PrimariaPODCAST DE CUENTOSPODCASTFOTOS 3\u00ba de PrimariaSALIDA AL MUSEO DE LA [&hellip;]<\/p>\n","protected":false},"author":1,"featured_media":0,"parent":4030,"menu_order":0,"comment_status":"closed","ping_status":"closed","template":"","meta":{"_genesis_hide_title":false,"_genesis_hide_breadcrumbs":false,"_genesis_hide_singular_image":false,"_genesis_hide_footer_widgets":false,"_genesis_custom_body_class":"","_genesis_custom_post_class":"","_genesis_layout":""},"_links":{"self":[{"href":"https:\/\/catalinadefoix.educacion.navarra.es\/web\/wp-json\/wp\/v2\/pages\/7652"}],"collection":[{"href":"https:\/\/catalinadefoix.educacion.navarra.es\/web\/wp-json\/wp\/v2\/pages"}],"about":[{"href":"https:\/\/catalinadefoix.educacion.navarra.es\/web\/wp-json\/wp\/v2\/types\/page"}],"author":[{"embeddable":true,"href":"https:\/\/catalinadefoix.educacion.navarra.es\/web\/wp-json\/wp\/v2\/users\/1"}],"replies":[{"embeddable":true,"href":"https:\/\/catalinadefoix.educacion.navarra.es\/web\/wp-json\/wp\/v2\/comments?post=7652"}],"version-history":[{"count":29,"href":"https:\/\/catalinadefoix.educacion.navarra.es\/web\/wp-json\/wp\/v2\/pages\/7652\/revisions"}],"predecessor-version":[{"id":8054,"href":"https:\/\/catalinadefoix.educacion.navarra.es\/web\/wp-json\/wp\/v2\/pages\/7652\/revisions\/8054"}],"up":[{"embeddable":true,"href":"https:\/\/catalinadefoix.educacion.navarra.es\/web\/wp-json\/wp\/v2\/pages\/4030"}],"wp:attachment":[{"href":"https:\/\/catalinadefoix.educacion.navarra.es\/web\/wp-json\/wp\/v2\/media?parent=7652"}],"curies":[{"name":"wp","href":"https:\/\/api.w.org\/{rel}","templated":true}]}}