{"id":7210,"date":"2023-09-28T11:38:44","date_gmt":"2023-09-28T09:38:44","guid":{"rendered":"https:\/\/catalinadefoix.educacion.navarra.es\/web\/?page_id=7210"},"modified":"2025-06-26T11:56:57","modified_gmt":"2025-06-26T09:56:57","slug":"curso-2023-24-en-imagenes","status":"publish","type":"page","link":"https:\/\/catalinadefoix.educacion.navarra.es\/web\/galeria\/galeria\/curso-2023-24-en-imagenes\/","title":{"rendered":"Curso 2023\/24 en im\u00e1genes"},"content":{"rendered":"\n<figure class=\"wp-block-table\"><table class=\"has-vivid-cyan-blue-color has-text-color has-fixed-layout\"><tbody><tr><td class=\"has-text-align-center\" data-align=\"center\"><a href=\"http:\/\/photos.app.goo.gl\/psCv76wyjsmPmePZ6\" target=\"_blank\" rel=\"noreferrer noopener\"><img loading=\"lazy\" width=\"1024\" height=\"768\" class=\"wp-image-7634\" style=\"width: 150px;\" src=\"https:\/\/catalinadefoix.educacion.navarra.es\/web\/wp-content\/uploads\/2024\/06\/IMG_4679-portada.jpg\" alt=\"\" srcset=\"https:\/\/catalinadefoix.educacion.navarra.es\/web\/wp-content\/uploads\/2024\/06\/IMG_4679-portada.jpg 1024w, https:\/\/catalinadefoix.educacion.navarra.es\/web\/wp-content\/uploads\/2024\/06\/IMG_4679-portada-300x225.jpg 300w, https:\/\/catalinadefoix.educacion.navarra.es\/web\/wp-content\/uploads\/2024\/06\/IMG_4679-portada-768x576.jpg 768w\" sizes=\"(max-width: 1024px) 100vw, 1024px\" \/><\/a><\/td><td class=\"has-text-align-center\" data-align=\"center\">Infantil \u2013 Despedida fin de curso<br><strong>DESPEDIDA FIN DE CURSO DE INFANTIL<\/strong><br><strong><a rel=\"noreferrer noopener\" href=\"https:\/\/photos.app.goo.gl\/psCv76wyjsmPmePZ6\" target=\"_blank\">FOTOS<\/a><\/strong><br><strong><a rel=\"noreferrer noopener\" href=\"https:\/\/drive.google.com\/file\/d\/1ROxps3bGZjGEnj3kKCSCaOGEvzYel11T\/view?usp=sharing\" target=\"_blank\">V\u00cdDEO<\/a><\/strong><\/td><\/tr><tr><td class=\"has-text-align-center\" data-align=\"center\"><img loading=\"lazy\" width=\"1024\" height=\"768\" class=\"wp-image-7633\" style=\"width: 150px;\" src=\"https:\/\/catalinadefoix.educacion.navarra.es\/web\/wp-content\/uploads\/2024\/06\/IMG_0849_picnic.jpg\" alt=\"\" srcset=\"https:\/\/catalinadefoix.educacion.navarra.es\/web\/wp-content\/uploads\/2024\/06\/IMG_0849_picnic.jpg 1024w, https:\/\/catalinadefoix.educacion.navarra.es\/web\/wp-content\/uploads\/2024\/06\/IMG_0849_picnic-300x225.jpg 300w, https:\/\/catalinadefoix.educacion.navarra.es\/web\/wp-content\/uploads\/2024\/06\/IMG_0849_picnic-768x576.jpg 768w\" sizes=\"(max-width: 1024px) 100vw, 1024px\" \/><\/td><td class=\"has-text-align-center\" data-align=\"center\">Infantil \u2013 Picnic<br><strong>PICNIC DE INFANTIL<\/strong><br><strong><a rel=\"noreferrer noopener\" href=\"https:\/\/photos.app.goo.gl\/NJ58wehuFGa3HCJw7\" target=\"_blank\">FOTOS<\/a><\/strong><\/td><\/tr><tr><td class=\"has-text-align-center\" data-align=\"center\"><br><img loading=\"lazy\" width=\"1024\" height=\"768\" class=\"wp-image-7632\" style=\"width: 150px;\" src=\"https:\/\/catalinadefoix.educacion.navarra.es\/web\/wp-content\/uploads\/2024\/06\/IMG_0803-portada.jpg\" alt=\"\" srcset=\"https:\/\/catalinadefoix.educacion.navarra.es\/web\/wp-content\/uploads\/2024\/06\/IMG_0803-portada.jpg 1024w, https:\/\/catalinadefoix.educacion.navarra.es\/web\/wp-content\/uploads\/2024\/06\/IMG_0803-portada-300x225.jpg 300w, https:\/\/catalinadefoix.educacion.navarra.es\/web\/wp-content\/uploads\/2024\/06\/IMG_0803-portada-768x576.jpg 768w\" sizes=\"(max-width: 1024px) 100vw, 1024px\" \/><\/td><td class=\"has-text-align-center\" data-align=\"center\">Infantil y 6\u00ba EP \u2013 Lecturas compartidas<br><strong>LECTURAS COMPARTIDAS<\/strong><br><strong><a rel=\"noreferrer noopener\" href=\"https:\/\/photos.app.goo.gl\/Cy5wXyHXAbUN22316\" target=\"_blank\">FOTOS<\/a><\/strong><br><strong><a rel=\"noreferrer noopener\" href=\"https:\/\/drive.google.com\/file\/d\/14jUItb25s8Z99WIRpI-zIVXILOl3UPRr\/view?usp=sharing\" target=\"_blank\">V\u00cdDEO<\/a><\/strong><\/td><\/tr><tr><td class=\"has-text-align-center\" data-align=\"center\"><img loading=\"lazy\" width=\"1024\" height=\"1458\" class=\"wp-image-7628\" style=\"width: 150px;\" src=\"https:\/\/catalinadefoix.educacion.navarra.es\/web\/wp-content\/uploads\/2024\/06\/foto-entrada-reducida.png\" alt=\"\" srcset=\"https:\/\/catalinadefoix.educacion.navarra.es\/web\/wp-content\/uploads\/2024\/06\/foto-entrada-reducida.png 1024w, https:\/\/catalinadefoix.educacion.navarra.es\/web\/wp-content\/uploads\/2024\/06\/foto-entrada-reducida-211x300.png 211w, https:\/\/catalinadefoix.educacion.navarra.es\/web\/wp-content\/uploads\/2024\/06\/foto-entrada-reducida-719x1024.png 719w, https:\/\/catalinadefoix.educacion.navarra.es\/web\/wp-content\/uploads\/2024\/06\/foto-entrada-reducida-768x1094.png 768w\" sizes=\"(max-width: 1024px) 100vw, 1024px\" \/><\/td><td class=\"has-text-align-center\" data-align=\"center\">2\u00ba EP \u2013 Periodistas por Espa\u00f1a<br><strong>CATALINA VIAJA POR LAS COMUNIDADES Y CIUDADES AUT\u00d3NOMAS DE ESPA\u00d1A<\/strong><br><br><strong><a rel=\"noreferrer noopener\" href=\"https:\/\/drive.google.com\/file\/d\/1tM-xA4FGQxWBBaXlNfCNXYKvvftkVwqB\/view?usp=sharing\" target=\"_blank\">2\u00baEP PERI\u00d3DICO\/NEWSPAPER<\/a><\/strong><br><strong><a rel=\"noreferrer noopener\" href=\"https:\/\/drive.google.com\/file\/d\/1vze0zB7pkUohobnf6w92NTm1Y2cOJpxv\/view?usp=sharing\" target=\"_blank\">PERIODISTAS\/JOURNALISTS<\/a><\/strong><\/td><\/tr><tr><td class=\"has-text-align-center\" data-align=\"center\"><img loading=\"lazy\" width=\"1024\" height=\"651\" class=\"wp-image-7623\" style=\"width: 150px;\" src=\"https:\/\/catalinadefoix.educacion.navarra.es\/web\/wp-content\/uploads\/2024\/06\/01IMG_20240613_113728_reducida.jpg\" alt=\"\" srcset=\"https:\/\/catalinadefoix.educacion.navarra.es\/web\/wp-content\/uploads\/2024\/06\/01IMG_20240613_113728_reducida.jpg 1024w, https:\/\/catalinadefoix.educacion.navarra.es\/web\/wp-content\/uploads\/2024\/06\/01IMG_20240613_113728_reducida-300x191.jpg 300w, https:\/\/catalinadefoix.educacion.navarra.es\/web\/wp-content\/uploads\/2024\/06\/01IMG_20240613_113728_reducida-768x488.jpg 768w\" sizes=\"(max-width: 1024px) 100vw, 1024px\" \/><\/td><td class=\"has-text-align-center\" data-align=\"center\">3\u00ba EP \u2013 Excursi\u00f3n Aquarium Donostia<br><strong>EXCURSI\u00d3N AQUARIUM DONOSTIA<\/strong><br><strong><a rel=\"noreferrer noopener\" href=\"https:\/\/photos.app.goo.gl\/KTANFrx4kqWktWnD6\" target=\"_blank\">FOTOS<\/a><\/strong><\/td><\/tr><tr><td class=\"has-text-align-center\" data-align=\"center\"><img loading=\"lazy\" width=\"940\" height=\"788\" class=\"wp-image-7618\" style=\"width: 150px;\" src=\"https:\/\/catalinadefoix.educacion.navarra.es\/web\/wp-content\/uploads\/2024\/06\/Yellow-Brown-Creative-Talk-Show-Facebook-Post.png\" alt=\"\" srcset=\"https:\/\/catalinadefoix.educacion.navarra.es\/web\/wp-content\/uploads\/2024\/06\/Yellow-Brown-Creative-Talk-Show-Facebook-Post.png 940w, https:\/\/catalinadefoix.educacion.navarra.es\/web\/wp-content\/uploads\/2024\/06\/Yellow-Brown-Creative-Talk-Show-Facebook-Post-300x251.png 300w, https:\/\/catalinadefoix.educacion.navarra.es\/web\/wp-content\/uploads\/2024\/06\/Yellow-Brown-Creative-Talk-Show-Facebook-Post-768x644.png 768w\" sizes=\"(max-width: 940px) 100vw, 940px\" \/><\/td><td class=\"has-text-align-center\" data-align=\"center\">Podcast<br><strong>3\u00baEP. BOOKTALK RADIO SHOW<\/strong><br><strong><a rel=\"noreferrer noopener\" href=\"https:\/\/drive.google.com\/drive\/folders\/1K_IuSNB-bUZIACv5iylHdmdGX1yjARn_?usp=sharing\" target=\"_blank\">PODCAST<\/a><\/strong><br><strong><a rel=\"noreferrer noopener\" href=\"https:\/\/photos.app.goo.gl\/upyLC9nkxgjhjqqN7\" target=\"_blank\">FOTOS<\/a><\/strong><\/td><\/tr><tr><td class=\"has-text-align-center\" data-align=\"center\"><img loading=\"lazy\" width=\"1024\" height=\"576\" class=\"wp-image-7604\" style=\"width: 157px;\" src=\"https:\/\/catalinadefoix.educacion.navarra.es\/web\/wp-content\/uploads\/2024\/06\/Portada.jpg\" alt=\"\" srcset=\"https:\/\/catalinadefoix.educacion.navarra.es\/web\/wp-content\/uploads\/2024\/06\/Portada.jpg 1024w, https:\/\/catalinadefoix.educacion.navarra.es\/web\/wp-content\/uploads\/2024\/06\/Portada-300x169.jpg 300w, https:\/\/catalinadefoix.educacion.navarra.es\/web\/wp-content\/uploads\/2024\/06\/Portada-768x432.jpg 768w\" sizes=\"(max-width: 1024px) 100vw, 1024px\" \/><\/td><td class=\"has-text-align-center\" data-align=\"center\"><a href=\"https:\/\/catalinadefoix.educacion.navarra.es\/web\/blog\/2024\/06\/20\/6o-ep-steam-fair\/\">6\u00ba EP \u2013 STEAM FAIR 20<\/a>2<a href=\"https:\/\/catalinadefoix.educacion.navarra.es\/web\/blog\/2024\/06\/20\/6o-ep-steam-fair\/\">4<\/a><br><strong>STEAM FAIR 2024<\/strong><br><br><strong><a rel=\"noreferrer noopener\" href=\"https:\/\/photos.app.goo.gl\/rWhhEvyiWcmAE29o7\" target=\"_blank\">FOTOS CATALINA DE FOIX<\/a><\/strong><br><strong><a rel=\"noreferrer noopener\" href=\"https:\/\/drive.google.com\/file\/d\/1FyMbDYpthS_rvVtWBpeu2-_n28LMTg0P\/view?usp=drive_link\" target=\"_blank\">PRESENTACI\u00d3N CATALINA DE FOIX<\/a><\/strong><br><strong><a rel=\"noreferrer noopener\" href=\"https:\/\/drive.google.com\/drive\/folders\/12n0_oXvz9D7xZVzFcmL3nHK9qt2Fzc-i\" target=\"_blank\">FOTOS STEAM FAIR 2024<\/a><\/strong><br><strong><a rel=\"noreferrer noopener\" href=\"https:\/\/drive.google.com\/file\/d\/1BgfoChbHZTOTbDAErnwPioB550K8qMEj\/view\" target=\"_blank\">V\u00cdDEO STEAM FAIR 2024<\/a><\/strong><br><strong><a rel=\"noreferrer noopener\" href=\"https:\/\/www.youtube.com\/watch?v=t6hNTlXMJ-o\" target=\"_blank\">REPORTAJE TELENAVARRA<\/a><\/strong><\/td><\/tr><tr><td class=\"has-text-align-center\" data-align=\"center\"><img loading=\"lazy\" width=\"1024\" height=\"768\" class=\"wp-image-7591\" style=\"width: 150px;\" src=\"https:\/\/catalinadefoix.educacion.navarra.es\/web\/wp-content\/uploads\/2024\/06\/20240610_121422-reducida.jpg\" alt=\"\" srcset=\"https:\/\/catalinadefoix.educacion.navarra.es\/web\/wp-content\/uploads\/2024\/06\/20240610_121422-reducida.jpg 1024w, https:\/\/catalinadefoix.educacion.navarra.es\/web\/wp-content\/uploads\/2024\/06\/20240610_121422-reducida-300x225.jpg 300w, https:\/\/catalinadefoix.educacion.navarra.es\/web\/wp-content\/uploads\/2024\/06\/20240610_121422-reducida-768x576.jpg 768w\" sizes=\"(max-width: 1024px) 100vw, 1024px\" \/><\/td><td class=\"has-text-align-center\" data-align=\"center\">Infantil<br><strong>JUGAMOS CON LA LUZ<\/strong><br><strong><a rel=\"noreferrer noopener\" href=\"https:\/\/photos.app.goo.gl\/5hHpiz3cw6BgHAx66\" target=\"_blank\">FOTOS<\/a><\/strong><\/td><\/tr><tr><td class=\"has-text-align-center\" data-align=\"center\"><img loading=\"lazy\" width=\"1034\" height=\"776\" class=\"wp-image-7587\" style=\"width: 150px;\" src=\"https:\/\/catalinadefoix.educacion.navarra.es\/web\/wp-content\/uploads\/2024\/06\/20240605_114922.jpg\" alt=\"\" srcset=\"https:\/\/catalinadefoix.educacion.navarra.es\/web\/wp-content\/uploads\/2024\/06\/20240605_114922.jpg 1034w, https:\/\/catalinadefoix.educacion.navarra.es\/web\/wp-content\/uploads\/2024\/06\/20240605_114922-300x225.jpg 300w, https:\/\/catalinadefoix.educacion.navarra.es\/web\/wp-content\/uploads\/2024\/06\/20240605_114922-1024x768.jpg 1024w, https:\/\/catalinadefoix.educacion.navarra.es\/web\/wp-content\/uploads\/2024\/06\/20240605_114922-768x576.jpg 768w\" sizes=\"(max-width: 1034px) 100vw, 1034px\" \/><\/td><td class=\"has-text-align-center\" data-align=\"center\">Fiesta del agua<br><strong>FIESTA DEL AGUA<\/strong><br><strong><a rel=\"noreferrer noopener\" href=\"https:\/\/photos.app.goo.gl\/2s758W2hdJwQiz567\" target=\"_blank\">FOTOS FIESTA INFANTIL<\/a><\/strong><br><strong><a rel=\"noreferrer noopener\" href=\"https:\/\/photos.app.goo.gl\/rJ1Tokj8gdqXhXyP6\" target=\"_blank\">FOTOS FIESTA 4\u00ba DE PRIMARIA<\/a><\/strong><br><\/td><\/tr><tr><td class=\"has-text-align-center\" data-align=\"center\"><img loading=\"lazy\" width=\"1024\" height=\"576\" class=\"wp-image-7583\" style=\"width: 150px;\" src=\"https:\/\/catalinadefoix.educacion.navarra.es\/web\/wp-content\/uploads\/2024\/06\/Portada-reducida.png\" alt=\"\" srcset=\"https:\/\/catalinadefoix.educacion.navarra.es\/web\/wp-content\/uploads\/2024\/06\/Portada-reducida.png 1024w, https:\/\/catalinadefoix.educacion.navarra.es\/web\/wp-content\/uploads\/2024\/06\/Portada-reducida-300x169.png 300w, https:\/\/catalinadefoix.educacion.navarra.es\/web\/wp-content\/uploads\/2024\/06\/Portada-reducida-768x432.png 768w\" sizes=\"(max-width: 1024px) 100vw, 1024px\" \/><\/td><td class=\"has-text-align-center\" data-align=\"center\">6\u00ba EP \u2013 Proyecto de Rob\u00f3tica para el Aula Alternativa<br><strong>MICRO:BIT HELPING<\/strong><br><strong><a rel=\"noreferrer noopener\" href=\"https:\/\/photos.app.goo.gl\/NuY7AmKrYZUrk4iq7\" target=\"_blank\">FOTOS<\/a><\/strong><\/td><\/tr><tr><td class=\"has-text-align-center\" data-align=\"center\"><img loading=\"lazy\" width=\"1023\" height=\"1364\" class=\"wp-image-7578\" style=\"width: 150px;\" src=\"https:\/\/catalinadefoix.educacion.navarra.es\/web\/wp-content\/uploads\/2024\/06\/Portada-reducida.jpg\" alt=\"\" srcset=\"https:\/\/catalinadefoix.educacion.navarra.es\/web\/wp-content\/uploads\/2024\/06\/Portada-reducida.jpg 1023w, https:\/\/catalinadefoix.educacion.navarra.es\/web\/wp-content\/uploads\/2024\/06\/Portada-reducida-225x300.jpg 225w, https:\/\/catalinadefoix.educacion.navarra.es\/web\/wp-content\/uploads\/2024\/06\/Portada-reducida-768x1024.jpg 768w\" sizes=\"(max-width: 1023px) 100vw, 1023px\" \/><\/td><td class=\"has-text-align-center\" data-align=\"center\">4\u00ba EP \u2013 Tierra Rapaz<br><strong>TIERRA RAPAZ<\/strong><br><strong><a rel=\"noreferrer noopener\" href=\"https:\/\/photos.app.goo.gl\/2K7Do6nWy8ssVdZ39\" target=\"_blank\">FOTOS<\/a><\/strong><br><strong><a rel=\"noreferrer noopener\" href=\"https:\/\/drive.google.com\/drive\/folders\/1Yo6BerXmWakOoo2ZOKRKjFJ7P2oIcIVM?usp=sharing\" target=\"_blank\">VIDEOS<\/a><\/strong><\/td><\/tr><tr><td class=\"has-text-align-center\" data-align=\"center\"><img loading=\"lazy\" width=\"2000\" height=\"1500\" class=\"wp-image-7575\" style=\"width: 150px;\" src=\"https:\/\/catalinadefoix.educacion.navarra.es\/web\/wp-content\/uploads\/2024\/06\/20240411_153425.jpg\" alt=\"\" srcset=\"https:\/\/catalinadefoix.educacion.navarra.es\/web\/wp-content\/uploads\/2024\/06\/20240411_153425.jpg 2000w, https:\/\/catalinadefoix.educacion.navarra.es\/web\/wp-content\/uploads\/2024\/06\/20240411_153425-300x225.jpg 300w, https:\/\/catalinadefoix.educacion.navarra.es\/web\/wp-content\/uploads\/2024\/06\/20240411_153425-1024x768.jpg 1024w, https:\/\/catalinadefoix.educacion.navarra.es\/web\/wp-content\/uploads\/2024\/06\/20240411_153425-768x576.jpg 768w, https:\/\/catalinadefoix.educacion.navarra.es\/web\/wp-content\/uploads\/2024\/06\/20240411_153425-1536x1152.jpg 1536w\" sizes=\"(max-width: 2000px) 100vw, 2000px\" \/><\/td><td class=\"has-text-align-center\" data-align=\"center\">Infantil<br><strong>TALLERES INTERNIVELARES<\/strong><br><strong><a rel=\"noreferrer noopener\" href=\"https:\/\/drive.google.com\/drive\/folders\/1UJ15Diiso5pi8AhlsPhg9730Z-fyjTfV?usp=sharing\" target=\"_blank\">FOTOS<\/a><\/strong><\/td><\/tr><tr><td class=\"has-text-align-center\" data-align=\"center\"><img loading=\"lazy\" width=\"800\" height=\"600\" class=\"wp-image-7565\" style=\"width: 150px;\" src=\"https:\/\/catalinadefoix.educacion.navarra.es\/web\/wp-content\/uploads\/2024\/05\/Foto-principal.jpeg\" alt=\"\" srcset=\"https:\/\/catalinadefoix.educacion.navarra.es\/web\/wp-content\/uploads\/2024\/05\/Foto-principal.jpeg 800w, https:\/\/catalinadefoix.educacion.navarra.es\/web\/wp-content\/uploads\/2024\/05\/Foto-principal-300x225.jpeg 300w, https:\/\/catalinadefoix.educacion.navarra.es\/web\/wp-content\/uploads\/2024\/05\/Foto-principal-768x576.jpeg 768w\" sizes=\"(max-width: 800px) 100vw, 800px\" \/><\/td><td class=\"has-text-align-center\" data-align=\"center\">Aula Alternativa<br><strong>ESTIMULACI\u00d3N MULTISENSORIAL CON FAMILIAS<\/strong><br><strong><a rel=\"noreferrer noopener\" href=\"https:\/\/photos.app.goo.gl\/nXm3UpbHEACZtBgZ6\" target=\"_blank\">FOTOS<\/a><\/strong><\/td><\/tr><tr><td class=\"has-text-align-center\" data-align=\"center\"><img loading=\"lazy\" width=\"1024\" height=\"768\" class=\"wp-image-7558\" style=\"width: 150px;\" src=\"https:\/\/catalinadefoix.educacion.navarra.es\/web\/wp-content\/uploads\/2024\/05\/66-FOTO-GRUPAL-CON-EL-ALCALDE-Y-CONCEJAL-DE-ZIZUR-Reducida.jpg\" alt=\"\" srcset=\"https:\/\/catalinadefoix.educacion.navarra.es\/web\/wp-content\/uploads\/2024\/05\/66-FOTO-GRUPAL-CON-EL-ALCALDE-Y-CONCEJAL-DE-ZIZUR-Reducida.jpg 1024w, https:\/\/catalinadefoix.educacion.navarra.es\/web\/wp-content\/uploads\/2024\/05\/66-FOTO-GRUPAL-CON-EL-ALCALDE-Y-CONCEJAL-DE-ZIZUR-Reducida-300x225.jpg 300w, https:\/\/catalinadefoix.educacion.navarra.es\/web\/wp-content\/uploads\/2024\/05\/66-FOTO-GRUPAL-CON-EL-ALCALDE-Y-CONCEJAL-DE-ZIZUR-Reducida-768x576.jpg 768w\" sizes=\"(max-width: 1024px) 100vw, 1024px\" \/><\/td><td class=\"has-text-align-center\" data-align=\"center\">5\u00ba EP \u2013 Las Comunidades Aut\u00f3nomas de Espa\u00f1a<br><strong>LAS COMUNIDADES AUT\u00d3NOMAS DE ESPA\u00d1A<\/strong><br><strong><a rel=\"noreferrer noopener\" href=\"https:\/\/photos.app.goo.gl\/nRHtZEaUh7JEhoxB6\" target=\"_blank\">FOTOS<\/a><\/strong><br><a rel=\"noreferrer noopener\" href=\"https:\/\/drive.google.com\/drive\/folders\/1z2Bn1VR-XepP1ikSDPTiFT8N5Q19TaEk?usp=drive_link\" target=\"_blank\"><strong>VIDEOS<\/strong><\/a><br><strong><a rel=\"noreferrer noopener\" href=\"https:\/\/drive.google.com\/file\/d\/1kUSwpp_OTP_i-rz7orEQewlnU_yqPDj-\/view?usp=drive_link\" target=\"_blank\">PODCAST<\/a><\/strong><\/td><\/tr><tr><td class=\"has-text-align-center\" data-align=\"center\"><img loading=\"lazy\" width=\"225\" height=\"225\" class=\"wp-image-7533\" style=\"width: 150px;\" src=\"https:\/\/catalinadefoix.educacion.navarra.es\/web\/wp-content\/uploads\/2024\/04\/tobola.jpg\" alt=\"\" srcset=\"https:\/\/catalinadefoix.educacion.navarra.es\/web\/wp-content\/uploads\/2024\/04\/tobola.jpg 225w, https:\/\/catalinadefoix.educacion.navarra.es\/web\/wp-content\/uploads\/2024\/04\/tobola-150x150.jpg 150w\" sizes=\"(max-width: 225px) 100vw, 225px\" \/><\/td><td class=\"has-text-align-center\" data-align=\"center\">T\u00f3mbola solidaria<br><strong>T\u00d3MBOLA SOLIDARIA<\/strong><br><br><strong><a rel=\"noreferrer noopener\" href=\"https:\/\/drive.google.com\/file\/d\/1XeMHJgPZf5RttrDTwygzDg0ewws6asH7\/view?usp=sharing\" target=\"_blank\">CARTEL INFORMATIVO<\/a><\/strong><br><strong><a rel=\"noreferrer noopener\" href=\"https:\/\/drive.google.com\/file\/d\/1CdLj9XxyxL2If2fv8e85U4qIpIXJf_r9\/view?usp=sharing\" target=\"_blank\">EMPRESAS COLABORADORAS<\/a><\/strong><br><strong><a rel=\"noreferrer noopener\" href=\"https:\/\/drive.google.com\/file\/d\/125vgFVOPt_7bfDQC-qroim2srU_JxvmY\/view?usp=sharing\" target=\"_blank\">BOLET\u00cdN 13<\/a><\/strong><br><strong><a rel=\"noreferrer noopener\" href=\"https:\/\/drive.google.com\/file\/d\/1Qs0z4MCak4nMW69q7acMnQUH600Vx5jl\/view?usp=sharing\" target=\"_blank\">BOLET\u00cdN<\/a><\/strong><br><strong><a rel=\"noreferrer noopener\" href=\"https:\/\/youtu.be\/-d-0EeHvPU0\" target=\"_blank\">NOTICIA NAVARRA TELEVISI\u00d3N<\/a><\/strong><\/td><\/tr><tr><td class=\"has-text-align-center\" data-align=\"center\"><img loading=\"lazy\" width=\"2000\" height=\"1500\" class=\"wp-image-7541\" style=\"width: 150px;\" src=\"https:\/\/catalinadefoix.educacion.navarra.es\/web\/wp-content\/uploads\/2024\/04\/20240425_101149.jpg\" alt=\"\" srcset=\"https:\/\/catalinadefoix.educacion.navarra.es\/web\/wp-content\/uploads\/2024\/04\/20240425_101149.jpg 2000w, https:\/\/catalinadefoix.educacion.navarra.es\/web\/wp-content\/uploads\/2024\/04\/20240425_101149-300x225.jpg 300w, https:\/\/catalinadefoix.educacion.navarra.es\/web\/wp-content\/uploads\/2024\/04\/20240425_101149-1024x768.jpg 1024w, https:\/\/catalinadefoix.educacion.navarra.es\/web\/wp-content\/uploads\/2024\/04\/20240425_101149-768x576.jpg 768w, https:\/\/catalinadefoix.educacion.navarra.es\/web\/wp-content\/uploads\/2024\/04\/20240425_101149-1536x1152.jpg 1536w\" sizes=\"(max-width: 2000px) 100vw, 2000px\" \/><\/td><td class=\"has-text-align-center\" data-align=\"center\">D\u00eda del libro<br><strong>SEMANA DEL LIBRO<\/strong><br><strong><a rel=\"noreferrer noopener\" href=\"https:\/\/photos.app.goo.gl\/XZpCiw3JaSSsWVAL6\" target=\"_blank\">LECTURAS 5\u00ba Y 2\u00ba DE INFANTIL<\/a><\/strong><br><strong><a rel=\"noreferrer noopener\" href=\"https:\/\/photos.app.goo.gl\/dPa72vjDUm3RQygW8\" target=\"_blank\">VISITA DE 3\u00ba EP A LA ESCUELA INFANTIL PAQUITA ANSA<\/a><\/strong><\/td><\/tr><tr><td class=\"has-text-align-center\" data-align=\"center\"><img loading=\"lazy\" width=\"1024\" height=\"1665\" class=\"wp-image-7524\" style=\"width: 150px;\" src=\"https:\/\/catalinadefoix.educacion.navarra.es\/web\/wp-content\/uploads\/2024\/03\/Foto-Portada-Reducida.jpg\" alt=\"\" srcset=\"https:\/\/catalinadefoix.educacion.navarra.es\/web\/wp-content\/uploads\/2024\/03\/Foto-Portada-Reducida.jpg 1024w, https:\/\/catalinadefoix.educacion.navarra.es\/web\/wp-content\/uploads\/2024\/03\/Foto-Portada-Reducida-185x300.jpg 185w, https:\/\/catalinadefoix.educacion.navarra.es\/web\/wp-content\/uploads\/2024\/03\/Foto-Portada-Reducida-630x1024.jpg 630w, https:\/\/catalinadefoix.educacion.navarra.es\/web\/wp-content\/uploads\/2024\/03\/Foto-Portada-Reducida-768x1249.jpg 768w, https:\/\/catalinadefoix.educacion.navarra.es\/web\/wp-content\/uploads\/2024\/03\/Foto-Portada-Reducida-945x1536.jpg 945w\" sizes=\"(max-width: 1024px) 100vw, 1024px\" \/><\/td><td class=\"has-text-align-center\" data-align=\"center\">Aula Alternativa<br><strong>LA COMUNICACI\u00d3N ES UN DERECHO Y UN OBJETIVO<\/strong><br><strong><a rel=\"noreferrer noopener\" href=\"https:\/\/photos.app.goo.gl\/aCANj7CrB39vypaYA\" target=\"_blank\">FOTOS<\/a><\/strong><\/td><\/tr><tr><td class=\"has-text-align-center\" data-align=\"center\"><img loading=\"lazy\" width=\"1440\" height=\"1440\" class=\"wp-image-7521\" style=\"width: 150px;\" src=\"https:\/\/catalinadefoix.educacion.navarra.es\/web\/wp-content\/uploads\/2024\/03\/Copia-de-IMG_05101.jpeg\" alt=\"\" srcset=\"https:\/\/catalinadefoix.educacion.navarra.es\/web\/wp-content\/uploads\/2024\/03\/Copia-de-IMG_05101.jpeg 1440w, https:\/\/catalinadefoix.educacion.navarra.es\/web\/wp-content\/uploads\/2024\/03\/Copia-de-IMG_05101-300x300.jpeg 300w, https:\/\/catalinadefoix.educacion.navarra.es\/web\/wp-content\/uploads\/2024\/03\/Copia-de-IMG_05101-1024x1024.jpeg 1024w, https:\/\/catalinadefoix.educacion.navarra.es\/web\/wp-content\/uploads\/2024\/03\/Copia-de-IMG_05101-150x150.jpeg 150w, https:\/\/catalinadefoix.educacion.navarra.es\/web\/wp-content\/uploads\/2024\/03\/Copia-de-IMG_05101-768x768.jpeg 768w\" sizes=\"(max-width: 1440px) 100vw, 1440px\" \/><\/td><td class=\"has-text-align-center\" data-align=\"center\">Oihane Romeo \u2013 5\u00ba B EP<br><strong>OTRA MIRADA R\u00cdTMICA \u2013 OIHANE ROMEO<\/strong><br><strong><a rel=\"noreferrer noopener\" href=\"https:\/\/photos.app.goo.gl\/3FEYVQ7hJgRw242f9\" target=\"_blank\">FOTOS<\/a><\/strong><br><strong><a rel=\"noreferrer noopener\" href=\"https:\/\/drive.google.com\/file\/d\/1AkilNOP__P-MWhxls-dBLkYFe0WwQOYr\/view?usp=sharing\" target=\"_blank\">V\u00cdDEO 1<\/a><\/strong><br><strong><a rel=\"noreferrer noopener\" href=\"https:\/\/drive.google.com\/file\/d\/1d2NOTtWAw7E-ygoBSAiy3dzpH0TAiefZ\/view?usp=sharing\" target=\"_blank\">V\u00cdDEO 2<\/a><\/strong><\/td><\/tr><tr><td class=\"has-text-align-center\" data-align=\"center\"><img loading=\"lazy\" width=\"1024\" height=\"769\" class=\"wp-image-7513\" style=\"width: 150px;\" src=\"https:\/\/catalinadefoix.educacion.navarra.es\/web\/wp-content\/uploads\/2024\/03\/Portada-reducida-.jpg\" alt=\"\" srcset=\"https:\/\/catalinadefoix.educacion.navarra.es\/web\/wp-content\/uploads\/2024\/03\/Portada-reducida-.jpg 1024w, https:\/\/catalinadefoix.educacion.navarra.es\/web\/wp-content\/uploads\/2024\/03\/Portada-reducida--300x225.jpg 300w, https:\/\/catalinadefoix.educacion.navarra.es\/web\/wp-content\/uploads\/2024\/03\/Portada-reducida--768x577.jpg 768w\" sizes=\"(max-width: 1024px) 100vw, 1024px\" \/><\/td><td class=\"has-text-align-center\" data-align=\"center\">5\u00ba EP \u2013 Semana de la danza<br><strong>SEMANA DE LA DANZA<\/strong><br><strong><a rel=\"noreferrer noopener\" href=\"https:\/\/photos.app.goo.gl\/xkyBYqm1GZTWgQn3A\" target=\"_blank\">FOTOS<\/a><\/strong><br><strong><a rel=\"noreferrer noopener\" href=\"https:\/\/drive.google.com\/file\/d\/19p5wj4ITl8HM6s-lonGKiqeYrzztGaGm\/view?usp=drive_link\" target=\"_blank\">V\u00cdDEO DANZA 5\u00ba A<\/a><\/strong><br><strong><a rel=\"noreferrer noopener\" href=\"https:\/\/drive.google.com\/file\/d\/1tWEdK6vhVpEcVWxBkDzD6GcCg3rgRbRF\/view?usp=drive_link\" target=\"_blank\">V\u00cdDEO DANZA 5\u00ba B<\/a><\/strong><\/td><\/tr><tr><td class=\"has-text-align-center\" data-align=\"center\"><img loading=\"lazy\" width=\"600\" height=\"315\" class=\"wp-image-7466\" style=\"width: 150px;\" src=\"https:\/\/catalinadefoix.educacion.navarra.es\/web\/wp-content\/uploads\/2024\/02\/ABLVV86jz6uLIMfgsGhlRol15Gql3x9lxZ7pIeX_qSvVY3tj7Yanvhcw0yIBEt8U-Ytg_HzzV4MXcU9-ejRSCeXTKqW87Rk23YhIX4vVw6WvwOGBjIK1bpXw600-h315-p-k.jpeg\" alt=\"\" srcset=\"https:\/\/catalinadefoix.educacion.navarra.es\/web\/wp-content\/uploads\/2024\/02\/ABLVV86jz6uLIMfgsGhlRol15Gql3x9lxZ7pIeX_qSvVY3tj7Yanvhcw0yIBEt8U-Ytg_HzzV4MXcU9-ejRSCeXTKqW87Rk23YhIX4vVw6WvwOGBjIK1bpXw600-h315-p-k.jpeg 600w, https:\/\/catalinadefoix.educacion.navarra.es\/web\/wp-content\/uploads\/2024\/02\/ABLVV86jz6uLIMfgsGhlRol15Gql3x9lxZ7pIeX_qSvVY3tj7Yanvhcw0yIBEt8U-Ytg_HzzV4MXcU9-ejRSCeXTKqW87Rk23YhIX4vVw6WvwOGBjIK1bpXw600-h315-p-k-300x158.jpeg 300w\" sizes=\"(max-width: 600px) 100vw, 600px\" \/><\/td><td class=\"has-text-align-center\" data-align=\"center\">Carnaval<br><strong>FESTIVAL DE CARNAVAL<\/strong><br><strong><a rel=\"noreferrer noopener\" href=\"https:\/\/photos.app.goo.gl\/1nQ3whVUzFVJbfSG6\" target=\"_blank\">FOTOS<\/a><\/strong><br><strong><a rel=\"noreferrer noopener\" href=\"https:\/\/drive.google.com\/drive\/folders\/1JsL5vH0GEuE8f9CP3iOj5_R_9lr6LWRm?usp=sharing\" target=\"_blank\">V\u00cdDEOS<\/a><\/strong><\/td><\/tr><tr><td class=\"has-text-align-center\" data-align=\"center\"><img loading=\"lazy\" width=\"1024\" height=\"1365\" class=\"wp-image-7486\" style=\"width: 150px;\" src=\"https:\/\/catalinadefoix.educacion.navarra.es\/web\/wp-content\/uploads\/2024\/02\/IMG_1894_REDUCIDA.jpg\" alt=\"\" srcset=\"https:\/\/catalinadefoix.educacion.navarra.es\/web\/wp-content\/uploads\/2024\/02\/IMG_1894_REDUCIDA.jpg 1024w, https:\/\/catalinadefoix.educacion.navarra.es\/web\/wp-content\/uploads\/2024\/02\/IMG_1894_REDUCIDA-225x300.jpg 225w, https:\/\/catalinadefoix.educacion.navarra.es\/web\/wp-content\/uploads\/2024\/02\/IMG_1894_REDUCIDA-768x1024.jpg 768w\" sizes=\"(max-width: 1024px) 100vw, 1024px\" \/><\/td><td class=\"has-text-align-center\" data-align=\"center\">Infantil \u2013 Instalaci\u00f3n Nube<br><strong>JUGANDO EN UNA NUBE<\/strong><br><a rel=\"noreferrer noopener\" href=\"https:\/\/photos.app.goo.gl\/9rKGavjG8oLjDUgJ8\" target=\"_blank\"><strong>FOTOS<\/strong><\/a><br><strong><a rel=\"noreferrer noopener\" href=\"https:\/\/drive.google.com\/file\/d\/11ojLD2Sla_AEljq0qxOSSeNWdIaRSbST\/view?usp=drive_link\" target=\"_blank\">V\u00cdDEO 1<\/a><\/strong><br><strong><a rel=\"noreferrer noopener\" href=\"https:\/\/drive.google.com\/file\/d\/1-dsJHOWFep4m1gyKXZl68vcmajt6hLko\/view?usp=drive_link\" target=\"_blank\">V\u00cdDEO 2<\/a><\/strong><\/td><\/tr><tr><td class=\"has-text-align-center\" data-align=\"center\"><img loading=\"lazy\" width=\"820\" height=\"461\" class=\"wp-image-7477\" style=\"width: 150px;\" src=\"https:\/\/catalinadefoix.educacion.navarra.es\/web\/wp-content\/uploads\/2024\/02\/IMG_20240206_114159_reducida-edited.jpg\" alt=\"\" srcset=\"https:\/\/catalinadefoix.educacion.navarra.es\/web\/wp-content\/uploads\/2024\/02\/IMG_20240206_114159_reducida-edited.jpg 820w, https:\/\/catalinadefoix.educacion.navarra.es\/web\/wp-content\/uploads\/2024\/02\/IMG_20240206_114159_reducida-edited-300x169.jpg 300w, https:\/\/catalinadefoix.educacion.navarra.es\/web\/wp-content\/uploads\/2024\/02\/IMG_20240206_114159_reducida-edited-768x432.jpg 768w\" sizes=\"(max-width: 820px) 100vw, 820px\" \/><\/td><td class=\"has-text-align-center\" data-align=\"center\">3\u00ba EP Salida al Parque Polo<br><strong>SALIDA AL PARQUE POLO<\/strong><br><strong><a rel=\"noreferrer noopener\" href=\"https:\/\/photos.app.goo.gl\/4VFaNwfAM92UaEwf8\" target=\"_blank\">FOTOS<\/a><\/strong><\/td><\/tr><tr><td class=\"has-text-align-center\" data-align=\"center\"><img loading=\"lazy\" width=\"796\" height=\"514\" class=\"wp-image-7468\" style=\"width: 150px;\" src=\"https:\/\/catalinadefoix.educacion.navarra.es\/web\/wp-content\/uploads\/2024\/02\/foto-batukada.jpg\" alt=\"\" srcset=\"https:\/\/catalinadefoix.educacion.navarra.es\/web\/wp-content\/uploads\/2024\/02\/foto-batukada.jpg 796w, https:\/\/catalinadefoix.educacion.navarra.es\/web\/wp-content\/uploads\/2024\/02\/foto-batukada-300x194.jpg 300w, https:\/\/catalinadefoix.educacion.navarra.es\/web\/wp-content\/uploads\/2024\/02\/foto-batukada-768x496.jpg 768w\" sizes=\"(max-width: 796px) 100vw, 796px\" \/><\/td><td class=\"has-text-align-center\" data-align=\"center\">3\u00ba de primaria<br><strong>\u00a1AL RITMO DE BATUCADA!<\/strong><br><strong><a rel=\"noreferrer noopener\" href=\"https:\/\/drive.google.com\/file\/d\/1MoWUTXCeCK_ecNklPJ4n-yKayqugtBiB\/view?usp=sharing\" target=\"_blank\">V\u00cdDEO<\/a><\/strong><\/td><\/tr><tr><td class=\"has-text-align-center\" data-align=\"center\"><img loading=\"lazy\" width=\"2000\" height=\"1500\" class=\"wp-image-7454\" style=\"width: 150px;\" src=\"https:\/\/catalinadefoix.educacion.navarra.es\/web\/wp-content\/uploads\/2024\/02\/P1030346-copia.jpg\" alt=\"\" srcset=\"https:\/\/catalinadefoix.educacion.navarra.es\/web\/wp-content\/uploads\/2024\/02\/P1030346-copia.jpg 2000w, https:\/\/catalinadefoix.educacion.navarra.es\/web\/wp-content\/uploads\/2024\/02\/P1030346-copia-300x225.jpg 300w, https:\/\/catalinadefoix.educacion.navarra.es\/web\/wp-content\/uploads\/2024\/02\/P1030346-copia-1024x768.jpg 1024w, https:\/\/catalinadefoix.educacion.navarra.es\/web\/wp-content\/uploads\/2024\/02\/P1030346-copia-768x576.jpg 768w, https:\/\/catalinadefoix.educacion.navarra.es\/web\/wp-content\/uploads\/2024\/02\/P1030346-copia-1536x1152.jpg 1536w\" sizes=\"(max-width: 2000px) 100vw, 2000px\" \/><\/td><td class=\"has-text-align-center\" data-align=\"center\">D\u00eda de la paz<br><strong>D\u00cdA DE LA PAZ<\/strong><br><strong><a rel=\"noreferrer noopener\" href=\"https:\/\/drive.google.com\/file\/d\/1ujzt6FNxfrnKd-qSAP746jkbONWfpYUV\/view?usp=sharing\" target=\"_blank\">BAILE INFANTIL<\/a><\/strong><br><strong><a rel=\"noreferrer noopener\" href=\"https:\/\/drive.google.com\/file\/d\/1kYu0YxuWuOtBkv3RBrFfGv2WpoVByCaS\/view?usp=sharing\" target=\"_blank\">BAILE CANCI\u00d3N GIRASOLES<\/a><\/strong><br><strong><a rel=\"noreferrer noopener\" href=\"https:\/\/drive.google.com\/file\/d\/1TqPh_c2Spv2VWE-A0ii48wpNyPzEyBqp\/view?usp=sharing\" target=\"_blank\">FLASH MOB<\/a><\/strong><br><strong><a rel=\"noreferrer noopener\" href=\"https:\/\/photos.app.goo.gl\/jLekqHL9mKFzWpbB8\" target=\"_blank\">FOTOS<\/a><\/strong><\/td><\/tr><tr><td class=\"has-text-align-center\" data-align=\"center\"><img loading=\"lazy\" width=\"1920\" height=\"1080\" class=\"wp-image-7451\" style=\"width: 150px;\" src=\"https:\/\/catalinadefoix.educacion.navarra.es\/web\/wp-content\/uploads\/2024\/02\/WEB.jpg\" alt=\"\" srcset=\"https:\/\/catalinadefoix.educacion.navarra.es\/web\/wp-content\/uploads\/2024\/02\/WEB.jpg 1920w, https:\/\/catalinadefoix.educacion.navarra.es\/web\/wp-content\/uploads\/2024\/02\/WEB-300x169.jpg 300w, https:\/\/catalinadefoix.educacion.navarra.es\/web\/wp-content\/uploads\/2024\/02\/WEB-1024x576.jpg 1024w, https:\/\/catalinadefoix.educacion.navarra.es\/web\/wp-content\/uploads\/2024\/02\/WEB-768x432.jpg 768w, https:\/\/catalinadefoix.educacion.navarra.es\/web\/wp-content\/uploads\/2024\/02\/WEB-1536x864.jpg 1536w\" sizes=\"(max-width: 1920px) 100vw, 1920px\" \/><\/td><td class=\"has-text-align-center\" data-align=\"center\">2\u00ba de primaria<br><strong>PROYECTO EL RECICLAJE: NAVARRA TELEVISI\u00d3N<\/strong><br><strong><a rel=\"noreferrer noopener\" href=\"https:\/\/youtu.be\/s-Euv48_gX0\" target=\"_blank\">PROGRAMA<\/a><\/strong><\/td><\/tr><tr><td class=\"has-text-align-center\" data-align=\"center\"><img loading=\"lazy\" width=\"1024\" height=\"768\" class=\"wp-image-7436\" style=\"width: 150px;\" src=\"https:\/\/catalinadefoix.educacion.navarra.es\/web\/wp-content\/uploads\/2024\/02\/FOTO-PORTADA_reducida.jpg\" alt=\"\" srcset=\"https:\/\/catalinadefoix.educacion.navarra.es\/web\/wp-content\/uploads\/2024\/02\/FOTO-PORTADA_reducida.jpg 1024w, https:\/\/catalinadefoix.educacion.navarra.es\/web\/wp-content\/uploads\/2024\/02\/FOTO-PORTADA_reducida-300x225.jpg 300w, https:\/\/catalinadefoix.educacion.navarra.es\/web\/wp-content\/uploads\/2024\/02\/FOTO-PORTADA_reducida-768x576.jpg 768w\" sizes=\"(max-width: 1024px) 100vw, 1024px\" \/><\/td><td class=\"has-text-align-center\" data-align=\"center\">Inclusiones a la Inversa 2\u00ba E.P<br><strong>INCLUSIONES A LA INVERSA<\/strong><br><strong>\u00a0<a rel=\"noreferrer noopener\" href=\"https:\/\/photos.app.goo.gl\/XEpyJUFRExRw4hoW9\" target=\"_blank\">FOTOS<\/a><\/strong><\/td><\/tr><tr><td class=\"has-text-align-center\" data-align=\"center\"><img loading=\"lazy\" width=\"1024\" height=\"877\" class=\"wp-image-7422\" style=\"width: 150px;\" src=\"https:\/\/catalinadefoix.educacion.navarra.es\/web\/wp-content\/uploads\/2024\/01\/PORTADA1_reducida.jpg\" alt=\"\" srcset=\"https:\/\/catalinadefoix.educacion.navarra.es\/web\/wp-content\/uploads\/2024\/01\/PORTADA1_reducida.jpg 1024w, https:\/\/catalinadefoix.educacion.navarra.es\/web\/wp-content\/uploads\/2024\/01\/PORTADA1_reducida-300x257.jpg 300w, https:\/\/catalinadefoix.educacion.navarra.es\/web\/wp-content\/uploads\/2024\/01\/PORTADA1_reducida-768x658.jpg 768w\" sizes=\"(max-width: 1024px) 100vw, 1024px\" \/><\/td><td class=\"has-text-align-center\" data-align=\"center\">Aula Alternativa con 6\u00ba EP \u2013 Proyecto 3D<br><strong>AULA ALTERNATIVA Y 6\u00ba EP \u2013 PROYECTO 3D<\/strong><br><strong><a href=\"https:\/\/photos.app.goo.gl\/XZvnKyvB4qhwqD31A\">FOTOS<\/a><\/strong><\/td><\/tr><tr><td class=\"has-text-align-center\" data-align=\"center\"><img loading=\"lazy\" width=\"1000\" height=\"518\" class=\"wp-image-7410\" style=\"width: 150px;\" src=\"https:\/\/catalinadefoix.educacion.navarra.es\/web\/wp-content\/uploads\/2024\/01\/Breaking-news_reducido.jpg\" alt=\"\" srcset=\"https:\/\/catalinadefoix.educacion.navarra.es\/web\/wp-content\/uploads\/2024\/01\/Breaking-news_reducido.jpg 1000w, https:\/\/catalinadefoix.educacion.navarra.es\/web\/wp-content\/uploads\/2024\/01\/Breaking-news_reducido-300x155.jpg 300w, https:\/\/catalinadefoix.educacion.navarra.es\/web\/wp-content\/uploads\/2024\/01\/Breaking-news_reducido-768x398.jpg 768w\" sizes=\"(max-width: 1000px) 100vw, 1000px\" \/><\/td><td class=\"has-text-align-center\" data-align=\"center\">2\u00ba EP Noticias de Actualidad<br>2ND GRADERS BREAKING NEWS<br><strong><a rel=\"noreferrer noopener\" href=\"https:\/\/drive.google.com\/file\/d\/144OKh41NYx_OsILuqKlySsiGnMIQCie_\/view?usp=sharing\" target=\"_blank\">V\u00cdDEO<\/a><\/strong><\/td><\/tr><tr><td class=\"has-text-align-center\" data-align=\"center\"><img loading=\"lazy\" width=\"1024\" height=\"1138\" class=\"wp-image-7405\" style=\"width: 150px;\" src=\"https:\/\/catalinadefoix.educacion.navarra.es\/web\/wp-content\/uploads\/2024\/01\/PXL_20231211_143839999_reducida.jpg\" alt=\"\" srcset=\"https:\/\/catalinadefoix.educacion.navarra.es\/web\/wp-content\/uploads\/2024\/01\/PXL_20231211_143839999_reducida.jpg 1024w, https:\/\/catalinadefoix.educacion.navarra.es\/web\/wp-content\/uploads\/2024\/01\/PXL_20231211_143839999_reducida-270x300.jpg 270w, https:\/\/catalinadefoix.educacion.navarra.es\/web\/wp-content\/uploads\/2024\/01\/PXL_20231211_143839999_reducida-921x1024.jpg 921w, https:\/\/catalinadefoix.educacion.navarra.es\/web\/wp-content\/uploads\/2024\/01\/PXL_20231211_143839999_reducida-768x854.jpg 768w\" sizes=\"(max-width: 1024px) 100vw, 1024px\" \/><\/td><td class=\"has-text-align-center\" data-align=\"center\">Educaci\u00f3n Art\u00edstica 6\u00ba Primaria<br>MAQUETAS CON FIGURAS GEOM\u00c9TRICAS<br><strong><a href=\"https:\/\/photos.app.goo.gl\/UhNNnEb9pYnJiB9G8\">FOTOS<\/a><\/strong><\/td><\/tr><tr><td class=\"has-text-align-center\" data-align=\"center\"><img loading=\"lazy\" width=\"1000\" height=\"750\" class=\"wp-image-7397\" style=\"width: 150px;\" src=\"https:\/\/catalinadefoix.educacion.navarra.es\/web\/wp-content\/uploads\/2024\/01\/1.-PORTADA-reducida.jpg\" alt=\"\" srcset=\"https:\/\/catalinadefoix.educacion.navarra.es\/web\/wp-content\/uploads\/2024\/01\/1.-PORTADA-reducida.jpg 1000w, https:\/\/catalinadefoix.educacion.navarra.es\/web\/wp-content\/uploads\/2024\/01\/1.-PORTADA-reducida-300x225.jpg 300w, https:\/\/catalinadefoix.educacion.navarra.es\/web\/wp-content\/uploads\/2024\/01\/1.-PORTADA-reducida-768x576.jpg 768w\" sizes=\"(max-width: 1000px) 100vw, 1000px\" \/><\/td><td class=\"has-text-align-center\" data-align=\"center\">Campamento Astiz<br>CAMPAMENTO ASTIZ<br><strong><a href=\"https:\/\/photos.app.goo.gl\/F7MHNmTrqfFxq2nc7\">FOTOS<\/a><\/strong><br><strong><a href=\"https:\/\/drive.google.com\/file\/d\/1UJ2NuZrFCPSJ3PJ3xiWbrQzcFEoavZ-9\/view?usp=sharing\">V\u00cdDEO<\/a><\/strong><\/td><\/tr><tr><td class=\"has-text-align-center\" data-align=\"center\"><img loading=\"lazy\" width=\"2000\" height=\"1333\" class=\"wp-image-7391\" style=\"width: 150px;\" src=\"https:\/\/catalinadefoix.educacion.navarra.es\/web\/wp-content\/uploads\/2024\/01\/ACB4B3E0-16EC-499F-97E2-1D4EC9E77C64.jpg\" alt=\"\" srcset=\"https:\/\/catalinadefoix.educacion.navarra.es\/web\/wp-content\/uploads\/2024\/01\/ACB4B3E0-16EC-499F-97E2-1D4EC9E77C64.jpg 2000w, https:\/\/catalinadefoix.educacion.navarra.es\/web\/wp-content\/uploads\/2024\/01\/ACB4B3E0-16EC-499F-97E2-1D4EC9E77C64-300x200.jpg 300w, https:\/\/catalinadefoix.educacion.navarra.es\/web\/wp-content\/uploads\/2024\/01\/ACB4B3E0-16EC-499F-97E2-1D4EC9E77C64-1024x682.jpg 1024w, https:\/\/catalinadefoix.educacion.navarra.es\/web\/wp-content\/uploads\/2024\/01\/ACB4B3E0-16EC-499F-97E2-1D4EC9E77C64-768x512.jpg 768w, https:\/\/catalinadefoix.educacion.navarra.es\/web\/wp-content\/uploads\/2024\/01\/ACB4B3E0-16EC-499F-97E2-1D4EC9E77C64-1536x1024.jpg 1536w\" sizes=\"(max-width: 2000px) 100vw, 2000px\" \/><\/td><td class=\"has-text-align-center\" data-align=\"center\">Navidad<br><strong>NAVIDAD D\u00cdA 22<\/strong><br><strong><a href=\"https:\/\/photos.app.goo.gl\/jbrh7jV1abTgxPaA7\">FOTOS<\/a><\/strong><\/td><\/tr><tr><td class=\"has-text-align-center\" data-align=\"center\"><img loading=\"lazy\" width=\"1000\" height=\"1333\" class=\"wp-image-7382\" style=\"width: 150px;\" src=\"https:\/\/catalinadefoix.educacion.navarra.es\/web\/wp-content\/uploads\/2024\/01\/IMG_7636_reducida-rotated.jpg\" alt=\"\" srcset=\"https:\/\/catalinadefoix.educacion.navarra.es\/web\/wp-content\/uploads\/2024\/01\/IMG_7636_reducida-rotated.jpg 1000w, https:\/\/catalinadefoix.educacion.navarra.es\/web\/wp-content\/uploads\/2024\/01\/IMG_7636_reducida-225x300.jpg 225w, https:\/\/catalinadefoix.educacion.navarra.es\/web\/wp-content\/uploads\/2024\/01\/IMG_7636_reducida-768x1024.jpg 768w\" sizes=\"(max-width: 1000px) 100vw, 1000px\" \/><\/td><td class=\"has-text-align-center\" data-align=\"center\">Talleres Navidad<br><strong>TALLERES INTERNIVELARES DE NAVIDAD INFANTIL<\/strong><br><strong><a href=\"https:\/\/photos.app.goo.gl\/89m4Z5KDa2DUtmrg7\">TEATRO \u2013 SALA PSICOMOTRICIDAD<\/a><\/strong><br><strong><a href=\"https:\/\/photos.app.goo.gl\/Yy7pzVe3s9Yy5cFWA\">TEATRO \u2013 SALA DE M\u00daSICA<\/a><\/strong><br><strong><a href=\"https:\/\/photos.app.goo.gl\/yDjyCh3DgRPeG5Tb9\">BAILES Y CANCIONES<\/a><\/strong><\/td><\/tr><tr><td class=\"has-text-align-center\" data-align=\"center\"><img loading=\"lazy\" width=\"2000\" height=\"2152\" class=\"wp-image-7355\" style=\"width: 150px;\" src=\"https:\/\/catalinadefoix.educacion.navarra.es\/web\/wp-content\/uploads\/2023\/12\/IMG_20231212_182530.jpg\" alt=\"\" srcset=\"https:\/\/catalinadefoix.educacion.navarra.es\/web\/wp-content\/uploads\/2023\/12\/IMG_20231212_182530.jpg 2000w, https:\/\/catalinadefoix.educacion.navarra.es\/web\/wp-content\/uploads\/2023\/12\/IMG_20231212_182530-279x300.jpg 279w, https:\/\/catalinadefoix.educacion.navarra.es\/web\/wp-content\/uploads\/2023\/12\/IMG_20231212_182530-952x1024.jpg 952w, https:\/\/catalinadefoix.educacion.navarra.es\/web\/wp-content\/uploads\/2023\/12\/IMG_20231212_182530-768x826.jpg 768w, https:\/\/catalinadefoix.educacion.navarra.es\/web\/wp-content\/uploads\/2023\/12\/IMG_20231212_182530-1428x1536.jpg 1428w, https:\/\/catalinadefoix.educacion.navarra.es\/web\/wp-content\/uploads\/2023\/12\/IMG_20231212_182530-1903x2048.jpg 1903w\" sizes=\"(max-width: 2000px) 100vw, 2000px\" \/><\/td><td class=\"has-text-align-center\" data-align=\"center\">Conciertos Navidad<br><strong>CONCIERTOS NAVIDE\u00d1OS<\/strong><br><strong><a rel=\"noreferrer noopener\" href=\"https:\/\/drive.google.com\/file\/d\/1E2FTIe9gQ4TDnPmzbgmwBnCTiHYgboZT\/view?usp=sharing\" target=\"_blank\">CONCIERTO 3\u00baA<\/a><\/strong><br><strong><a rel=\"noreferrer noopener\" href=\"https:\/\/drive.google.com\/file\/d\/11o2LzmOzhKKrRACzWgNyOdUC6hreVM4N\/view?usp=sharing\" target=\"_blank\">CONCIERTO 3\u00baB<\/a><\/strong><\/td><\/tr><tr><td class=\"has-text-align-center\" data-align=\"center\"><img loading=\"lazy\" width=\"1000\" height=\"750\" class=\"wp-image-7307\" style=\"width: 150px;\" src=\"https:\/\/catalinadefoix.educacion.navarra.es\/web\/wp-content\/uploads\/2023\/11\/20231124_125951.jpg\" alt=\"\" srcset=\"https:\/\/catalinadefoix.educacion.navarra.es\/web\/wp-content\/uploads\/2023\/11\/20231124_125951.jpg 1000w, https:\/\/catalinadefoix.educacion.navarra.es\/web\/wp-content\/uploads\/2023\/11\/20231124_125951-300x225.jpg 300w, https:\/\/catalinadefoix.educacion.navarra.es\/web\/wp-content\/uploads\/2023\/11\/20231124_125951-768x576.jpg 768w\" sizes=\"(max-width: 1000px) 100vw, 1000px\" \/><\/td><td class=\"has-text-align-center\" data-align=\"center\">3\u00ba Primaria \u2013 Nutricionista<br><strong>VISITA DE LA NUTRICIONISTA<\/strong><br><strong><a rel=\"noreferrer noopener\" href=\"https:\/\/photos.app.goo.gl\/F3mSupcVTQB9hGoz6\" target=\"_blank\">FOTOS<\/a><\/strong><\/td><\/tr><tr><td class=\"has-text-align-center\" data-align=\"center\"><img loading=\"lazy\" width=\"1024\" height=\"768\" class=\"wp-image-7273\" style=\"width: 150px;\" src=\"https:\/\/catalinadefoix.educacion.navarra.es\/web\/wp-content\/uploads\/2023\/11\/20231113_092349reducida-e1700219127611.jpg\" alt=\"\"><\/td><td class=\"has-text-align-center\" data-align=\"center\">Infantil casta\u00f1ero<br><strong>VISITA DEL CASTA\u00d1ERO<\/strong><br><a rel=\"noreferrer noopener\" href=\"https:\/\/photos.app.goo.gl\/1SRPUwuHS6JuZSqU6\" target=\"_blank\"><strong>FOTOS<\/strong><\/a><br><a rel=\"noreferrer noopener\" href=\"https:\/\/drive.google.com\/file\/d\/1szALNV4BYPpPbd2T1QYGKafImxk9IZjd\/view?usp=sharing\" target=\"_blank\"><strong>V\u00cdDEO<\/strong><\/a><\/td><\/tr><tr><td class=\"has-text-align-center\" data-align=\"center\"><img loading=\"lazy\" width=\"1500\" height=\"1500\" class=\"wp-image-7261\" style=\"width: 150px;\" src=\"https:\/\/catalinadefoix.educacion.navarra.es\/web\/wp-content\/uploads\/2023\/11\/foto-web.jpg\" alt=\"\" srcset=\"https:\/\/catalinadefoix.educacion.navarra.es\/web\/wp-content\/uploads\/2023\/11\/foto-web.jpg 1500w, https:\/\/catalinadefoix.educacion.navarra.es\/web\/wp-content\/uploads\/2023\/11\/foto-web-300x300.jpg 300w, https:\/\/catalinadefoix.educacion.navarra.es\/web\/wp-content\/uploads\/2023\/11\/foto-web-1024x1024.jpg 1024w, https:\/\/catalinadefoix.educacion.navarra.es\/web\/wp-content\/uploads\/2023\/11\/foto-web-150x150.jpg 150w, https:\/\/catalinadefoix.educacion.navarra.es\/web\/wp-content\/uploads\/2023\/11\/foto-web-768x768.jpg 768w\" sizes=\"(max-width: 1500px) 100vw, 1500px\" \/><\/td><td class=\"has-text-align-center\" data-align=\"center\">Halloween<br><strong>HALLOWEEN 2023<\/strong><br><strong><a rel=\"noreferrer noopener\" href=\"https:\/\/photos.app.goo.gl\/vAZWcgr6SFoEXLb79\" target=\"_blank\">FOTOS<\/a><\/strong><br><strong><a rel=\"noreferrer noopener\" href=\"https:\/\/drive.google.com\/file\/d\/19Iy47Ox71xzFaLaYIXeWNCtihQM5-3Cu\/view?usp=sharing\" target=\"_blank\">V\u00cdDEO<\/a><\/strong><\/td><\/tr><tr><td class=\"has-text-align-center\" data-align=\"center\"><img loading=\"lazy\" width=\"1663\" height=\"797\" class=\"wp-image-7253\" style=\"width: 150px;\" src=\"https:\/\/catalinadefoix.educacion.navarra.es\/web\/wp-content\/uploads\/2023\/10\/5-ANOS.jpg\" alt=\"\" srcset=\"https:\/\/catalinadefoix.educacion.navarra.es\/web\/wp-content\/uploads\/2023\/10\/5-ANOS.jpg 1663w, https:\/\/catalinadefoix.educacion.navarra.es\/web\/wp-content\/uploads\/2023\/10\/5-ANOS-300x144.jpg 300w, https:\/\/catalinadefoix.educacion.navarra.es\/web\/wp-content\/uploads\/2023\/10\/5-ANOS-1024x491.jpg 1024w, https:\/\/catalinadefoix.educacion.navarra.es\/web\/wp-content\/uploads\/2023\/10\/5-ANOS-768x368.jpg 768w, https:\/\/catalinadefoix.educacion.navarra.es\/web\/wp-content\/uploads\/2023\/10\/5-ANOS-1536x736.jpg 1536w\" sizes=\"(max-width: 1663px) 100vw, 1663px\" \/><\/td><td class=\"has-text-align-center\" data-align=\"center\">Infantil<br><strong>PRIMERAS SEMANAS EN 5 A\u00d1OS<\/strong><br><strong><a rel=\"noreferrer noopener\" href=\"https:\/\/drive.google.com\/file\/d\/12HQ8TdxcZVzekIKpcCUyiFTRpj-O6wk9\/view?usp=share_link\" target=\"_blank\">V\u00cdDEO<\/a><\/strong><\/td><\/tr><tr><td class=\"has-text-align-center\" data-align=\"center\"><img loading=\"lazy\" width=\"609\" height=\"921\" class=\"wp-image-7224\" style=\"width: 150px;\" src=\"https:\/\/catalinadefoix.educacion.navarra.es\/web\/wp-content\/uploads\/2023\/10\/MUSICA-3o.jpg\" alt=\"\" srcset=\"https:\/\/catalinadefoix.educacion.navarra.es\/web\/wp-content\/uploads\/2023\/10\/MUSICA-3o.jpg 609w, https:\/\/catalinadefoix.educacion.navarra.es\/web\/wp-content\/uploads\/2023\/10\/MUSICA-3o-198x300.jpg 198w\" sizes=\"(max-width: 609px) 100vw, 609px\" \/><\/td><td class=\"has-text-align-center\" data-align=\"center\">M\u00fasica<br><strong>M\u00daSICA EN 3\u00ba DE PRIMARIA<\/strong><br><strong><a rel=\"noreferrer noopener\" href=\"https:\/\/drive.google.com\/file\/d\/1l3VeAO9DZaSDX8aK0OjQOV2icwY_8kmC\/view?usp=drive_link\" target=\"_blank\">V\u00cdDEO<\/a><\/strong><\/td><\/tr><tr><td class=\"has-text-align-center\" data-align=\"center\"><img loading=\"lazy\" width=\"2000\" height=\"1483\" class=\"wp-image-7207\" style=\"width: 150px;\" src=\"https:\/\/catalinadefoix.educacion.navarra.es\/web\/wp-content\/uploads\/2023\/09\/20230922_114130.jpg\" alt=\"\" srcset=\"https:\/\/catalinadefoix.educacion.navarra.es\/web\/wp-content\/uploads\/2023\/09\/20230922_114130.jpg 2000w, https:\/\/catalinadefoix.educacion.navarra.es\/web\/wp-content\/uploads\/2023\/09\/20230922_114130-300x222.jpg 300w, https:\/\/catalinadefoix.educacion.navarra.es\/web\/wp-content\/uploads\/2023\/09\/20230922_114130-1024x759.jpg 1024w, https:\/\/catalinadefoix.educacion.navarra.es\/web\/wp-content\/uploads\/2023\/09\/20230922_114130-768x569.jpg 768w, https:\/\/catalinadefoix.educacion.navarra.es\/web\/wp-content\/uploads\/2023\/09\/20230922_114130-1536x1139.jpg 1536w\" sizes=\"(max-width: 2000px) 100vw, 2000px\" \/><\/td><td class=\"has-text-align-center\" data-align=\"center\">Mediaci\u00f3n<br><strong>NUESTRAS\/OS MEDIADORAS\/ES<\/strong><br><strong><a rel=\"noreferrer noopener\" href=\"https:\/\/drive.google.com\/file\/d\/1-v6hupwetC8d7-dWt-HOR97b9UKMlIHA\/view?usp=drive_link\" target=\"_blank\">TR\u00cdPTICO<\/a><\/strong><\/td><\/tr><\/tbody><\/table><\/figure>\n\n\n\n<p><\/p>\n","protected":false},"excerpt":{"rendered":"<p>Infantil \u2013 Despedida fin de cursoDESPEDIDA FIN DE CURSO DE INFANTILFOTOSV\u00cdDEO Infantil \u2013 PicnicPICNIC DE INFANTILFOTOS Infantil y 6\u00ba EP \u2013 Lecturas compartidasLECTURAS COMPARTIDASFOTOSV\u00cdDEO 2\u00ba EP \u2013 Periodistas por Espa\u00f1aCATALINA VIAJA POR LAS COMUNIDADES Y CIUDADES AUT\u00d3NOMAS DE ESPA\u00d1A 2\u00baEP PERI\u00d3DICO\/NEWSPAPERPERIODISTAS\/JOURNALISTS 3\u00ba EP \u2013 Excursi\u00f3n Aquarium DonostiaEXCURSI\u00d3N AQUARIUM DONOSTIAFOTOS Podcast3\u00baEP. BOOKTALK RADIO SHOWPODCASTFOTOS 6\u00ba EP [&hellip;]<\/p>\n","protected":false},"author":1,"featured_media":0,"parent":4030,"menu_order":0,"comment_status":"closed","ping_status":"closed","template":"","meta":{"_genesis_hide_title":false,"_genesis_hide_breadcrumbs":false,"_genesis_hide_singular_image":false,"_genesis_hide_footer_widgets":false,"_genesis_custom_body_class":"","_genesis_custom_post_class":"","_genesis_layout":""},"_links":{"self":[{"href":"https:\/\/catalinadefoix.educacion.navarra.es\/web\/wp-json\/wp\/v2\/pages\/7210"}],"collection":[{"href":"https:\/\/catalinadefoix.educacion.navarra.es\/web\/wp-json\/wp\/v2\/pages"}],"about":[{"href":"https:\/\/catalinadefoix.educacion.navarra.es\/web\/wp-json\/wp\/v2\/types\/page"}],"author":[{"embeddable":true,"href":"https:\/\/catalinadefoix.educacion.navarra.es\/web\/wp-json\/wp\/v2\/users\/1"}],"replies":[{"embeddable":true,"href":"https:\/\/catalinadefoix.educacion.navarra.es\/web\/wp-json\/wp\/v2\/comments?post=7210"}],"version-history":[{"count":49,"href":"https:\/\/catalinadefoix.educacion.navarra.es\/web\/wp-json\/wp\/v2\/pages\/7210\/revisions"}],"predecessor-version":[{"id":8041,"href":"https:\/\/catalinadefoix.educacion.navarra.es\/web\/wp-json\/wp\/v2\/pages\/7210\/revisions\/8041"}],"up":[{"embeddable":true,"href":"https:\/\/catalinadefoix.educacion.navarra.es\/web\/wp-json\/wp\/v2\/pages\/4030"}],"wp:attachment":[{"href":"https:\/\/catalinadefoix.educacion.navarra.es\/web\/wp-json\/wp\/v2\/media?parent=7210"}],"curies":[{"name":"wp","href":"https:\/\/api.w.org\/{rel}","templated":true}]}}