{"id":6236,"date":"2021-09-13T17:52:31","date_gmt":"2021-09-13T15:52:31","guid":{"rendered":"https:\/\/catalinadefoix.educacion.navarra.es\/web\/?page_id=6236"},"modified":"2025-10-06T16:25:26","modified_gmt":"2025-10-06T14:25:26","slug":"curso-2021-22-en-imagenes","status":"publish","type":"page","link":"https:\/\/catalinadefoix.educacion.navarra.es\/web\/galeria\/galeria\/curso-2021-22-en-imagenes\/","title":{"rendered":"Curso 2021\/22 en im\u00e1genes"},"content":{"rendered":"\n<figure class=\"wp-block-table\"><table class=\"has-fixed-layout\"><tbody><tr><td><img loading=\"lazy\" width=\"725\" height=\"544\" srcset=\"https:\/\/catalinadefoix.educacion.navarra.es\/web\/wp-content\/uploads\/2022\/06\/IMG_4595-1024x768.jpg 1024w, https:\/\/catalinadefoix.educacion.navarra.es\/web\/wp-content\/uploads\/2022\/06\/IMG_4595-300x225.jpg 300w, https:\/\/catalinadefoix.educacion.navarra.es\/web\/wp-content\/uploads\/2022\/06\/IMG_4595-768x576.jpg 768w, https:\/\/catalinadefoix.educacion.navarra.es\/web\/wp-content\/uploads\/2022\/06\/IMG_4595.jpg 1040w\" src=\"https:\/\/catalinadefoix.educacion.navarra.es\/web\/wp-content\/uploads\/2022\/06\/IMG_4595-1024x768.jpg\" alt=\"\"><\/td><td class=\"has-text-align-center\" data-align=\"center\"><a href=\"https:\/\/catalinadefoix.educacion.navarra.es\/web\/blog\/2022\/06\/28\/3o-de-infantil-2\/\">3\u00ba de infantil<\/a><br><strong>GRADUACI\u00d3N 5 A\u00d1OS<\/strong><br><a rel=\"noreferrer noopener\" href=\"https:\/\/photos.app.goo.gl\/bggWN233ypkJJnJZA\" target=\"_blank\">V\u00cdDEOS<\/a><\/td><\/tr><tr><td><img loading=\"lazy\" width=\"652\" height=\"489\" srcset=\"https:\/\/catalinadefoix.educacion.navarra.es\/web\/wp-content\/uploads\/2022\/06\/4-1024x768.jpg 1024w, https:\/\/catalinadefoix.educacion.navarra.es\/web\/wp-content\/uploads\/2022\/06\/4-300x225.jpg 300w, https:\/\/catalinadefoix.educacion.navarra.es\/web\/wp-content\/uploads\/2022\/06\/4-768x576.jpg 768w, https:\/\/catalinadefoix.educacion.navarra.es\/web\/wp-content\/uploads\/2022\/06\/4.jpg 1040w\" src=\"https:\/\/catalinadefoix.educacion.navarra.es\/web\/wp-content\/uploads\/2022\/06\/4-1024x768.jpg\" alt=\"\"><\/td><td class=\"has-text-align-center\" data-align=\"center\"><a href=\"https:\/\/catalinadefoix.educacion.navarra.es\/web\/blog\/2022\/06\/28\/3o-y-4o-primaria\/\">3\u00ba y 4\u00ba primaria<\/a><br><strong>3\u00ba y 4\u00baEP FIESTA DEL AGUA<\/strong><br><a rel=\"noreferrer noopener\" href=\"https:\/\/photos.app.goo.gl\/TWB3dmm7hoCiYPbt5\" target=\"_blank\">FOTOS<\/a><\/td><\/tr><tr><td><img loading=\"lazy\" width=\"630\" height=\"473\" srcset=\"https:\/\/catalinadefoix.educacion.navarra.es\/web\/wp-content\/uploads\/2022\/06\/1654838762261-1024x768.jpg 1024w, https:\/\/catalinadefoix.educacion.navarra.es\/web\/wp-content\/uploads\/2022\/06\/1654838762261-300x225.jpg 300w, https:\/\/catalinadefoix.educacion.navarra.es\/web\/wp-content\/uploads\/2022\/06\/1654838762261-768x576.jpg 768w, https:\/\/catalinadefoix.educacion.navarra.es\/web\/wp-content\/uploads\/2022\/06\/1654838762261.jpg 1041w\" src=\"https:\/\/catalinadefoix.educacion.navarra.es\/web\/wp-content\/uploads\/2022\/06\/1654838762261-1024x768.jpg\" alt=\"\"><\/td><td class=\"has-text-align-center\" data-align=\"center\"><a href=\"https:\/\/catalinadefoix.educacion.navarra.es\/web\/blog\/2022\/06\/28\/4o-primaria-3\/\">4\u00ba primaria<\/a><br><strong>CAMPUS NEPTUNO<\/strong><br><a rel=\"noreferrer noopener\" href=\"https:\/\/photos.app.goo.gl\/isrwTYKRhqMVtwvL8\" target=\"_blank\">FOTOS<\/a><br><a rel=\"noreferrer noopener\" href=\"https:\/\/photos.app.goo.gl\/H1BS62KkRVPDEf4C8\" target=\"_blank\">V\u00cdDEOS<\/a><\/td><\/tr><tr><td><img loading=\"lazy\" width=\"540\" height=\"405\" srcset=\"https:\/\/catalinadefoix.educacion.navarra.es\/web\/wp-content\/uploads\/2022\/06\/20220616_104517.jpg 1020w, https:\/\/catalinadefoix.educacion.navarra.es\/web\/wp-content\/uploads\/2022\/06\/20220616_104517-300x225.jpg 300w, https:\/\/catalinadefoix.educacion.navarra.es\/web\/wp-content\/uploads\/2022\/06\/20220616_104517-768x576.jpg 768w\" src=\"https:\/\/catalinadefoix.educacion.navarra.es\/web\/wp-content\/uploads\/2022\/06\/20220616_104517.jpg\" alt=\"\"><\/td><td class=\"has-text-align-center\" data-align=\"center\"><a href=\"https:\/\/catalinadefoix.educacion.navarra.es\/web\/blog\/2022\/06\/24\/4o-primaria-2\/\">4\u00ba primaria<\/a><br><strong>4\u00ba EXCURSI\u00d3N PERUHARRI<\/strong><br><a rel=\"noreferrer noopener\" href=\"https:\/\/photos.app.goo.gl\/RccV11th7Xny6oir7\" target=\"_blank\">FOTOS Y V\u00cdDEO<\/a><\/td><\/tr><tr><td><img loading=\"lazy\" width=\"497\" height=\"373\" srcset=\"https:\/\/catalinadefoix.educacion.navarra.es\/web\/wp-content\/uploads\/2022\/06\/20220620_121420-1024x768.jpg 1024w, https:\/\/catalinadefoix.educacion.navarra.es\/web\/wp-content\/uploads\/2022\/06\/20220620_121420-300x225.jpg 300w, https:\/\/catalinadefoix.educacion.navarra.es\/web\/wp-content\/uploads\/2022\/06\/20220620_121420-768x576.jpg 768w, https:\/\/catalinadefoix.educacion.navarra.es\/web\/wp-content\/uploads\/2022\/06\/20220620_121420.jpg 1034w\" src=\"https:\/\/catalinadefoix.educacion.navarra.es\/web\/wp-content\/uploads\/2022\/06\/20220620_121420-1024x768.jpg\" alt=\"\"><\/td><td class=\"has-text-align-center\" data-align=\"center\"><a href=\"https:\/\/catalinadefoix.educacion.navarra.es\/web\/blog\/2022\/06\/21\/excursion-5o-primaria\/\">Excursi\u00f3n 5\u00ba primaria<\/a><br><strong>5\u00ba. ORICAIN Y SALTING<\/strong><br><strong><a rel=\"noreferrer noopener\" href=\"https:\/\/photos.app.goo.gl\/uuj9Txj1VtugfeSE6\" target=\"_blank\">FOTOS<\/a><\/strong><\/td><\/tr><tr><td><img loading=\"lazy\" width=\"719\" height=\"334\" srcset=\"https:\/\/catalinadefoix.educacion.navarra.es\/web\/wp-content\/uploads\/2022\/06\/machines-1024x476.jpg 1024w, https:\/\/catalinadefoix.educacion.navarra.es\/web\/wp-content\/uploads\/2022\/06\/machines-300x139.jpg 300w, https:\/\/catalinadefoix.educacion.navarra.es\/web\/wp-content\/uploads\/2022\/06\/machines-768x357.jpg 768w, https:\/\/catalinadefoix.educacion.navarra.es\/web\/wp-content\/uploads\/2022\/06\/machines-1536x714.jpg 1536w, https:\/\/catalinadefoix.educacion.navarra.es\/web\/wp-content\/uploads\/2022\/06\/machines.jpg 1605w\" src=\"https:\/\/catalinadefoix.educacion.navarra.es\/web\/wp-content\/uploads\/2022\/06\/machines-1024x476.jpg\" alt=\"\"><\/td><td class=\"has-text-align-center\" data-align=\"center\"><a href=\"https:\/\/catalinadefoix.educacion.navarra.es\/web\/blog\/2022\/06\/16\/5o-primaria-4\/\">5\u00ba primaria<\/a><br><strong>5\u00ba PRIMARIA. MACHINES<\/strong><br><strong><a rel=\"noreferrer noopener\" href=\"https:\/\/drive.google.com\/file\/d\/1sPofSVvarAKc1g6UpJZtApOabNViVuty\/view?usp=sharing\" target=\"_blank\">VIDEO<\/a><\/strong><\/td><\/tr><tr><td><img loading=\"lazy\" width=\"531\" height=\"298\" srcset=\"https:\/\/catalinadefoix.educacion.navarra.es\/web\/wp-content\/uploads\/2022\/06\/20220602_122903.jpg 1010w, https:\/\/catalinadefoix.educacion.navarra.es\/web\/wp-content\/uploads\/2022\/06\/20220602_122903-300x169.jpg 300w, https:\/\/catalinadefoix.educacion.navarra.es\/web\/wp-content\/uploads\/2022\/06\/20220602_122903-768x432.jpg 768w\" src=\"https:\/\/catalinadefoix.educacion.navarra.es\/web\/wp-content\/uploads\/2022\/06\/20220602_122903.jpg\" alt=\"\"><\/td><td class=\"has-text-align-center\" data-align=\"center\"><a href=\"https:\/\/catalinadefoix.educacion.navarra.es\/web\/blog\/2022\/06\/07\/infantil\/\">Infantil<\/a><br><strong>FIESTA DEL AGUA EN INFANTIL<\/strong><br><strong><a rel=\"noreferrer noopener\" href=\"https:\/\/photos.app.goo.gl\/UHYn6sGW71YizNSr5\" target=\"_blank\">FOTOS<\/a><\/strong><\/td><\/tr><tr><td><img loading=\"lazy\" width=\"455\" height=\"339\" srcset=\"https:\/\/catalinadefoix.educacion.navarra.es\/web\/wp-content\/uploads\/2022\/06\/IMG-20220601-WA0008.jpg 1010w, https:\/\/catalinadefoix.educacion.navarra.es\/web\/wp-content\/uploads\/2022\/06\/IMG-20220601-WA0008-300x224.jpg 300w, https:\/\/catalinadefoix.educacion.navarra.es\/web\/wp-content\/uploads\/2022\/06\/IMG-20220601-WA0008-768x574.jpg 768w\" src=\"https:\/\/catalinadefoix.educacion.navarra.es\/web\/wp-content\/uploads\/2022\/06\/IMG-20220601-WA0008.jpg\" alt=\"\"><\/td><td class=\"has-text-align-center\" data-align=\"center\"><a href=\"https:\/\/catalinadefoix.educacion.navarra.es\/web\/blog\/2022\/06\/07\/1o-infantil-3\/\">1\u00ba infantil<\/a><br><strong>VISITA AL SANTUARIO DE ANIMALES CORAZON VERDE<\/strong><br><strong><a rel=\"noreferrer noopener\" href=\"https:\/\/photos.app.goo.gl\/LePTvkBLKaqwKdsJ6\" target=\"_blank\">FOTOS<\/a><\/strong><\/td><\/tr><tr><td><img loading=\"lazy\" width=\"431\" height=\"323\" srcset=\"https:\/\/catalinadefoix.educacion.navarra.es\/web\/wp-content\/uploads\/2022\/05\/5o-A5-1024x768.jpg 1024w, https:\/\/catalinadefoix.educacion.navarra.es\/web\/wp-content\/uploads\/2022\/05\/5o-A5-300x225.jpg 300w, https:\/\/catalinadefoix.educacion.navarra.es\/web\/wp-content\/uploads\/2022\/05\/5o-A5-768x576.jpg 768w, https:\/\/catalinadefoix.educacion.navarra.es\/web\/wp-content\/uploads\/2022\/05\/5o-A5.jpg 1200w\" src=\"https:\/\/catalinadefoix.educacion.navarra.es\/web\/wp-content\/uploads\/2022\/05\/5o-A5-1024x768.jpg\" alt=\"\"><\/td><td class=\"has-text-align-center\" data-align=\"center\"><a href=\"https:\/\/catalinadefoix.educacion.navarra.es\/web\/blog\/2022\/05\/24\/5o-primaria-3\/\">5\u00ba Primaria<\/a><br><strong>CHARLA DE CRUZ ROJA: MEDIACI\u00d3N<\/strong><br><strong><a rel=\"noreferrer noopener\" href=\"https:\/\/photos.app.goo.gl\/KcjbWu7WHvrBKrsy9\" target=\"_blank\">FOTOS<\/a><\/strong><\/td><\/tr><tr><td><img loading=\"lazy\" width=\"545\" height=\"318\" srcset=\"https:\/\/catalinadefoix.educacion.navarra.es\/web\/wp-content\/uploads\/2022\/05\/original_6714bfef-dd95-42b4-8b86-5f6847271bb3_IMG_20220411_131230.jpg 1021w, https:\/\/catalinadefoix.educacion.navarra.es\/web\/wp-content\/uploads\/2022\/05\/original_6714bfef-dd95-42b4-8b86-5f6847271bb3_IMG_20220411_131230-300x175.jpg 300w, https:\/\/catalinadefoix.educacion.navarra.es\/web\/wp-content\/uploads\/2022\/05\/original_6714bfef-dd95-42b4-8b86-5f6847271bb3_IMG_20220411_131230-768x448.jpg 768w\" src=\"https:\/\/catalinadefoix.educacion.navarra.es\/web\/wp-content\/uploads\/2022\/05\/original_6714bfef-dd95-42b4-8b86-5f6847271bb3_IMG_20220411_131230.jpg\" alt=\"\"><\/td><td class=\"has-text-align-center\" data-align=\"center\"><a href=\"https:\/\/catalinadefoix.educacion.navarra.es\/web\/blog\/2022\/05\/02\/4o-de-primaria-5\/\">Biblioteca Zizur<\/a><br><strong>VISITAS A LA BIBLIOTECA DE ZIZUR MAYOR<\/strong><br><a href=\"https:\/\/photos.app.goo.gl\/YDEgaPP99JcL9RBT6\">FOTO<\/a><a rel=\"noreferrer noopener\" href=\"https:\/\/photos.app.goo.gl\/YDEgaPP99JcL9RBT6\" target=\"_blank\">S<\/a><\/td><\/tr><tr><td><img loading=\"lazy\" width=\"535\" height=\"401\" srcset=\"https:\/\/catalinadefoix.educacion.navarra.es\/web\/wp-content\/uploads\/2022\/05\/20220322_092809-1024x768.jpg 1024w, https:\/\/catalinadefoix.educacion.navarra.es\/web\/wp-content\/uploads\/2022\/05\/20220322_092809-300x225.jpg 300w, https:\/\/catalinadefoix.educacion.navarra.es\/web\/wp-content\/uploads\/2022\/05\/20220322_092809-768x576.jpg 768w, https:\/\/catalinadefoix.educacion.navarra.es\/web\/wp-content\/uploads\/2022\/05\/20220322_092809.jpg 1026w\" src=\"https:\/\/catalinadefoix.educacion.navarra.es\/web\/wp-content\/uploads\/2022\/05\/20220322_092809-1024x768.jpg\" alt=\"\"><\/td><td class=\"has-text-align-center\" data-align=\"center\"><a href=\"https:\/\/catalinadefoix.educacion.navarra.es\/web\/blog\/2022\/05\/02\/4-de-primaria\/\">4 de primaria<\/a><br>EDUCACI\u00d3N VIAL<br><a rel=\"noreferrer noopener\" href=\"https:\/\/photos.app.goo.gl\/mj3o6gZhzDvNUfxEA\" target=\"_blank\">FOTOS<\/a><\/td><\/tr><tr><td><img loading=\"lazy\" width=\"437\" height=\"328\" srcset=\"https:\/\/catalinadefoix.educacion.navarra.es\/web\/wp-content\/uploads\/2022\/04\/20220401_121442-1024x768.jpg 1024w, https:\/\/catalinadefoix.educacion.navarra.es\/web\/wp-content\/uploads\/2022\/04\/20220401_121442-300x225.jpg 300w, https:\/\/catalinadefoix.educacion.navarra.es\/web\/wp-content\/uploads\/2022\/04\/20220401_121442-768x576.jpg 768w, https:\/\/catalinadefoix.educacion.navarra.es\/web\/wp-content\/uploads\/2022\/04\/20220401_121442.jpg 1059w\" src=\"https:\/\/catalinadefoix.educacion.navarra.es\/web\/wp-content\/uploads\/2022\/04\/20220401_121442-1024x768.jpg\" alt=\"\"><\/td><td class=\"has-text-align-center\" data-align=\"center\"><a href=\"https:\/\/catalinadefoix.educacion.navarra.es\/web\/blog\/2022\/04\/11\/5o-de-primaria-4\/\">5\u00ba de primaria<\/a><br><strong>DANTZABIDEAK \u2013 COREOGRAF\u00cdAS<\/strong><br><strong><a rel=\"noreferrer noopener\" href=\"https:\/\/photos.app.goo.gl\/sR5tQjDBRkto9aGV9\" target=\"_blank\">FOTOS<\/a><\/strong><br><strong><a rel=\"noreferrer noopener\" href=\"https:\/\/drive.google.com\/drive\/folders\/1mYx-QhjhKaqisant1DCTcIdJFMRP21Xn?usp=sharing\" target=\"_blank\">V\u00cdDEOS<\/a><\/strong><\/td><\/tr><tr><td><img loading=\"lazy\" width=\"547\" height=\"363\" srcset=\"https:\/\/catalinadefoix.educacion.navarra.es\/web\/wp-content\/uploads\/2022\/03\/DSC03578.jpg 1010w, https:\/\/catalinadefoix.educacion.navarra.es\/web\/wp-content\/uploads\/2022\/03\/DSC03578-300x200.jpg 300w\" src=\"https:\/\/catalinadefoix.educacion.navarra.es\/web\/wp-content\/uploads\/2022\/03\/DSC03578.jpg\" alt=\"\"><\/td><td class=\"has-text-align-center\" data-align=\"center\"><a href=\"https:\/\/catalinadefoix.educacion.navarra.es\/web\/blog\/2022\/03\/30\/carnaval-2022\/\">Carnaval 2022<\/a><br><strong>CARNAVAL RURAL 2022<\/strong><br><strong><a rel=\"noreferrer noopener\" href=\"https:\/\/drive.google.com\/drive\/folders\/1l9WweKBz7_SeY9RWPRqqkL0YFN6V_CmK?usp=sharing\" target=\"_blank\">ENLACE V\u00cdDEOS Y FOTOS<\/a><\/strong><\/td><\/tr><tr><td><img loading=\"lazy\" width=\"431\" height=\"324\" srcset=\"https:\/\/catalinadefoix.educacion.navarra.es\/web\/wp-content\/uploads\/2022\/03\/20220224_144317-1024x768.jpg 1024w, https:\/\/catalinadefoix.educacion.navarra.es\/web\/wp-content\/uploads\/2022\/03\/20220224_144317-300x225.jpg 300w, https:\/\/catalinadefoix.educacion.navarra.es\/web\/wp-content\/uploads\/2022\/03\/20220224_144317-768x576.jpg 768w, https:\/\/catalinadefoix.educacion.navarra.es\/web\/wp-content\/uploads\/2022\/03\/20220224_144317.jpg 1059w\" src=\"https:\/\/catalinadefoix.educacion.navarra.es\/web\/wp-content\/uploads\/2022\/03\/20220224_144317-1024x768.jpg\" alt=\"\"><\/td><td class=\"has-text-align-center\" data-align=\"center\"><a href=\"https:\/\/catalinadefoix.educacion.navarra.es\/web\/blog\/2022\/03\/09\/5o-de-primaria-2\/\">5\u00ba de Primaria<\/a><br><strong>MUSEO DE LAS CIENCIAS EN SAN SEBASTI\u00c1N<\/strong><br><strong><a rel=\"noreferrer noopener\" href=\"https:\/\/drive.google.com\/file\/d\/13pDoiGUb7mU9F3l801osZMFu5zm875fj\/view?usp=sharing\" target=\"_blank\">V\u00cdDEO<\/a><\/strong><\/td><\/tr><tr><td><img loading=\"lazy\" width=\"631\" height=\"473\" srcset=\"https:\/\/catalinadefoix.educacion.navarra.es\/web\/wp-content\/uploads\/2022\/02\/656e4889-23cb-404b-86c6-bea53e276ce5-1024x768.jpg 1024w, https:\/\/catalinadefoix.educacion.navarra.es\/web\/wp-content\/uploads\/2022\/02\/656e4889-23cb-404b-86c6-bea53e276ce5-300x225.jpg 300w, https:\/\/catalinadefoix.educacion.navarra.es\/web\/wp-content\/uploads\/2022\/02\/656e4889-23cb-404b-86c6-bea53e276ce5-768x576.jpg 768w, https:\/\/catalinadefoix.educacion.navarra.es\/web\/wp-content\/uploads\/2022\/02\/656e4889-23cb-404b-86c6-bea53e276ce5.jpg 1059w\" src=\"https:\/\/catalinadefoix.educacion.navarra.es\/web\/wp-content\/uploads\/2022\/02\/656e4889-23cb-404b-86c6-bea53e276ce5-1024x768.jpg\" alt=\"\"><\/td><td class=\"has-text-align-center\" data-align=\"center\"><a href=\"https:\/\/catalinadefoix.educacion.navarra.es\/web\/blog\/2022\/02\/21\/3o-de-infantil\/\">3\u00ba de infantil<\/a><br>5 a\u00f1os: D\u00eda Internacional del C\u00e1ncer Infantil<br><strong><a rel=\"noreferrer noopener\" href=\"https:\/\/photos.app.goo.gl\/7WtHZszDFo7Qkpjj7\" target=\"_blank\">FOTOS<\/a><\/strong><\/td><\/tr><tr><td><img loading=\"lazy\" width=\"557\" height=\"418\" srcset=\"https:\/\/catalinadefoix.educacion.navarra.es\/web\/wp-content\/uploads\/2022\/02\/20220214_140129-1024x768.jpg 1024w, https:\/\/catalinadefoix.educacion.navarra.es\/web\/wp-content\/uploads\/2022\/02\/20220214_140129-300x225.jpg 300w, https:\/\/catalinadefoix.educacion.navarra.es\/web\/wp-content\/uploads\/2022\/02\/20220214_140129-768x576.jpg 768w, https:\/\/catalinadefoix.educacion.navarra.es\/web\/wp-content\/uploads\/2022\/02\/20220214_140129.jpg 1059w\" src=\"https:\/\/catalinadefoix.educacion.navarra.es\/web\/wp-content\/uploads\/2022\/02\/20220214_140129-1024x768.jpg\" alt=\"\"><\/td><td class=\"has-text-align-center\" data-align=\"center\"><a href=\"https:\/\/catalinadefoix.educacion.navarra.es\/web\/blog\/2022\/02\/21\/4o-de-primaria-4\/\">4\u00ba de primaria<\/a><br><strong>FIRA MAR\u00cdA PITA<\/strong><br><strong><a rel=\"noreferrer noopener\" href=\"https:\/\/photos.app.goo.gl\/YCzAgWrMjiGiXRjE8\" target=\"_blank\">FOTOS Y V\u00cdDEO<\/a><\/strong><\/td><\/tr><tr><td><img loading=\"lazy\" width=\"598\" height=\"448\" srcset=\"https:\/\/catalinadefoix.educacion.navarra.es\/web\/wp-content\/uploads\/2022\/02\/IMG_20220204_094745-1024x767.jpg 1024w, https:\/\/catalinadefoix.educacion.navarra.es\/web\/wp-content\/uploads\/2022\/02\/IMG_20220204_094745-300x225.jpg 300w, https:\/\/catalinadefoix.educacion.navarra.es\/web\/wp-content\/uploads\/2022\/02\/IMG_20220204_094745-768x575.jpg 768w, https:\/\/catalinadefoix.educacion.navarra.es\/web\/wp-content\/uploads\/2022\/02\/IMG_20220204_094745.jpg 1059w\" src=\"https:\/\/catalinadefoix.educacion.navarra.es\/web\/wp-content\/uploads\/2022\/02\/IMG_20220204_094745-1024x767.jpg\" alt=\"\"><\/td><td class=\"has-text-align-center\" data-align=\"center\"><a href=\"https:\/\/catalinadefoix.educacion.navarra.es\/web\/blog\/2022\/02\/21\/4o-de-primaria-2\/\">4\u00ba de primaria<\/a><br><strong>TALLER PAPEL RECICLADO<\/strong><br><a rel=\"noreferrer noopener\" href=\"https:\/\/photos.app.goo.gl\/2Ldd2CWvy2C7vpaE8\" target=\"_blank\"><strong>FOTOS<\/strong><\/a><\/td><\/tr><tr><td><img loading=\"lazy\" width=\"574\" height=\"431\" srcset=\"https:\/\/catalinadefoix.educacion.navarra.es\/web\/wp-content\/uploads\/2022\/02\/20220208_121637-1024x768.jpg 1024w, https:\/\/catalinadefoix.educacion.navarra.es\/web\/wp-content\/uploads\/2022\/02\/20220208_121637-300x225.jpg 300w, https:\/\/catalinadefoix.educacion.navarra.es\/web\/wp-content\/uploads\/2022\/02\/20220208_121637-768x576.jpg 768w, https:\/\/catalinadefoix.educacion.navarra.es\/web\/wp-content\/uploads\/2022\/02\/20220208_121637.jpg 1037w\" src=\"https:\/\/catalinadefoix.educacion.navarra.es\/web\/wp-content\/uploads\/2022\/02\/20220208_121637-1024x768.jpg\" alt=\"\"><\/td><td class=\"has-text-align-center\" data-align=\"center\"><a href=\"https:\/\/catalinadefoix.educacion.navarra.es\/web\/blog\/2022\/02\/21\/4o-de-primaria-3\/\">4\u00ba de primaria<\/a><br><strong>MATEM\u00c1TICAS MANIPULATIVAS<\/strong><br><a rel=\"noreferrer noopener\" href=\"https:\/\/photos.app.goo.gl\/J6k76uUjgnBchTiC6\" target=\"_blank\">FOTOS<\/a><\/td><\/tr><tr><td><img loading=\"lazy\" width=\"544\" height=\"306\" srcset=\"https:\/\/catalinadefoix.educacion.navarra.es\/web\/wp-content\/uploads\/2022\/02\/aedsfasfasf-edited.png 818w, https:\/\/catalinadefoix.educacion.navarra.es\/web\/wp-content\/uploads\/2022\/02\/aedsfasfasf-edited-300x169.png 300w, https:\/\/catalinadefoix.educacion.navarra.es\/web\/wp-content\/uploads\/2022\/02\/aedsfasfasf-edited-768x432.png 768w\" src=\"https:\/\/catalinadefoix.educacion.navarra.es\/web\/wp-content\/uploads\/2022\/02\/aedsfasfasf-edited.png\" alt=\"\"><\/td><td class=\"has-text-align-center\" data-align=\"center\"><a href=\"https:\/\/catalinadefoix.educacion.navarra.es\/web\/blog\/2022\/02\/08\/6o-de-primaria-2\/\">6\u00ba de primaria<\/a><br><strong>\u00a1Te cuento una \u00d3PERA\u2026siempre hay mucho cantar!<\/strong><br><strong><a rel=\"noreferrer noopener\" href=\"https:\/\/photos.app.goo.gl\/fVjfVpW5K5MjfZyg6\" target=\"_blank\">FOTOS Y V\u00cdDEO<\/a><\/strong><\/td><\/tr><tr><td><img loading=\"lazy\" width=\"462\" height=\"285\" srcset=\"https:\/\/catalinadefoix.educacion.navarra.es\/web\/wp-content\/uploads\/2022\/02\/Captura1111.png 462w, https:\/\/catalinadefoix.educacion.navarra.es\/web\/wp-content\/uploads\/2022\/02\/Captura1111-300x185.png 300w\" src=\"https:\/\/catalinadefoix.educacion.navarra.es\/web\/wp-content\/uploads\/2022\/02\/Captura1111.png\" alt=\"\"><\/td><td class=\"has-text-align-center\" data-align=\"center\"><a href=\"https:\/\/catalinadefoix.educacion.navarra.es\/web\/blog\/2022\/02\/08\/5o-de-primaria-3\/\">5\u00ba de primaria<\/a><br><strong>\u00abYO QUIERO SER CIENT\u00cdFICA\u00bb<\/strong><br><a rel=\"noreferrer noopener\" href=\"https:\/\/photos.app.goo.gl\/vA9auE9gxHHuN9Po7\" target=\"_blank\"><strong>FOTOS<\/strong><\/a><\/td><\/tr><tr><td><img loading=\"lazy\" width=\"660\" height=\"356\" srcset=\"https:\/\/catalinadefoix.educacion.navarra.es\/web\/wp-content\/uploads\/2022\/01\/IMG_20220121_133631.jpg 999w, https:\/\/catalinadefoix.educacion.navarra.es\/web\/wp-content\/uploads\/2022\/01\/IMG_20220121_133631-300x162.jpg 300w, https:\/\/catalinadefoix.educacion.navarra.es\/web\/wp-content\/uploads\/2022\/01\/IMG_20220121_133631-768x414.jpg 768w, https:\/\/catalinadefoix.educacion.navarra.es\/web\/wp-content\/uploads\/2022\/01\/IMG_20220121_133631-280x150.jpg 280w\" src=\"https:\/\/catalinadefoix.educacion.navarra.es\/web\/wp-content\/uploads\/2022\/01\/IMG_20220121_133631.jpg\" alt=\"\"><\/td><td class=\"has-text-align-center\" data-align=\"center\"><a href=\"https:\/\/catalinadefoix.educacion.navarra.es\/web\/blog\/2022\/02\/03\/dia-de-la-paz-4\/\">D\u00eda de la paz<\/a><br><strong>SEMANA DE LA PAZ<\/strong><br><strong><a rel=\"noreferrer noopener\" href=\"https:\/\/photos.app.goo.gl\/DuLZo6kGZanCxXK2A\" target=\"_blank\">FOTOS<\/a><\/strong><br><img loading=\"lazy\" width=\"670\" height=\"329\" srcset=\"https:\/\/catalinadefoix.educacion.navarra.es\/web\/wp-content\/uploads\/2022\/01\/logos.jpg 992w, https:\/\/catalinadefoix.educacion.navarra.es\/web\/wp-content\/uploads\/2022\/01\/logos-300x147.jpg 300w, https:\/\/catalinadefoix.educacion.navarra.es\/web\/wp-content\/uploads\/2022\/01\/logos-768x377.jpg 768w\" src=\"https:\/\/catalinadefoix.educacion.navarra.es\/web\/wp-content\/uploads\/2022\/01\/logos.jpg\" alt=\"\">IAN GRI\u00d1\u00c1N (2\u00baC) ganador logo para el PIN<br>ALEJANDRO ORRADRE (5\u00baC) dibujo logo para el bolet\u00edn<a rel=\"noreferrer noopener\" href=\"https:\/\/photos.app.goo.gl\/oQGz27swfSF2a6hf8\" target=\"_blank\">\u00a0<strong>FOTOS<\/strong><\/a><\/td><\/tr><tr><td><img loading=\"lazy\" width=\"621\" height=\"310\" srcset=\"https:\/\/catalinadefoix.educacion.navarra.es\/web\/wp-content\/uploads\/2021\/12\/Sin-titulo-1024x511.png 1024w, https:\/\/catalinadefoix.educacion.navarra.es\/web\/wp-content\/uploads\/2021\/12\/Sin-titulo-300x150.png 300w, https:\/\/catalinadefoix.educacion.navarra.es\/web\/wp-content\/uploads\/2021\/12\/Sin-titulo-768x383.png 768w, https:\/\/catalinadefoix.educacion.navarra.es\/web\/wp-content\/uploads\/2021\/12\/Sin-titulo.png 1186w\" src=\"https:\/\/catalinadefoix.educacion.navarra.es\/web\/wp-content\/uploads\/2021\/12\/Sin-titulo-1024x511.png\" alt=\"\"><\/td><td class=\"has-text-align-center\" data-align=\"center\"><a href=\"https:\/\/catalinadefoix.educacion.navarra.es\/web\/blog\/2022\/01\/10\/5o-de-primaria\/\">5\u00ba de primaria<\/a><br><strong>THE UNIVERSE<\/strong><br><strong><a rel=\"noreferrer noopener\" href=\"https:\/\/drive.google.com\/file\/d\/1loAoSSNcrs0GMWLzkavUA7RF4UlSyBJO\/view?usp=sharing\" target=\"_blank\">V\u00cdDEO<\/a><\/strong><\/td><\/tr><tr><td><img loading=\"lazy\" width=\"524\" height=\"393\" srcset=\"https:\/\/catalinadefoix.educacion.navarra.es\/web\/wp-content\/uploads\/2021\/12\/P1020036-1024x768.jpg 1024w, https:\/\/catalinadefoix.educacion.navarra.es\/web\/wp-content\/uploads\/2021\/12\/P1020036-300x225.jpg 300w, https:\/\/catalinadefoix.educacion.navarra.es\/web\/wp-content\/uploads\/2021\/12\/P1020036-768x576.jpg 768w, https:\/\/catalinadefoix.educacion.navarra.es\/web\/wp-content\/uploads\/2021\/12\/P1020036.jpg 1034w\" src=\"https:\/\/catalinadefoix.educacion.navarra.es\/web\/wp-content\/uploads\/2021\/12\/P1020036-1024x768.jpg\" alt=\"\"><\/td><td class=\"has-text-align-center\" data-align=\"center\"><a href=\"https:\/\/catalinadefoix.educacion.navarra.es\/web\/blog\/2021\/12\/22\/navidad-2021-2\/\">Navidad 2021<\/a><br><strong>D\u00cdA 22 DE DICIEMBRE<\/strong><br><strong><a rel=\"noreferrer noopener\" href=\"https:\/\/photos.app.goo.gl\/TeUySRPfbhb2BdRv7\" target=\"_blank\">FOTOS VISITA DE PAJES<\/a><\/strong><br><strong><a rel=\"noreferrer noopener\" href=\"https:\/\/photos.app.goo.gl\/ZS84hjuwyhzfWVXm8\" target=\"_blank\">OTRAS<\/a>\u00a0<a href=\"https:\/\/photos.app.goo.gl\/ZS84hjuwyhzfWVXm8\">FOTOS<\/a><\/strong><br><a rel=\"noreferrer noopener\" href=\"https:\/\/drive.google.com\/drive\/folders\/1vxFOyrZVtEV54F5PnKlpMscPYjWv8myW?usp=sharing\" target=\"_blank\"><strong>ACTUACIONES INFANTIL<\/strong><\/a><\/td><\/tr><tr><td><img loading=\"lazy\" width=\"488\" height=\"366\" srcset=\"https:\/\/catalinadefoix.educacion.navarra.es\/web\/wp-content\/uploads\/2021\/12\/IMG-20211220-WA0009.jpg 1020w, https:\/\/catalinadefoix.educacion.navarra.es\/web\/wp-content\/uploads\/2021\/12\/IMG-20211220-WA0009-300x225.jpg 300w, https:\/\/catalinadefoix.educacion.navarra.es\/web\/wp-content\/uploads\/2021\/12\/IMG-20211220-WA0009-768x576.jpg 768w\" src=\"https:\/\/catalinadefoix.educacion.navarra.es\/web\/wp-content\/uploads\/2021\/12\/IMG-20211220-WA0009.jpg\" alt=\"\"><\/td><td class=\"has-text-align-center\" data-align=\"center\"><a href=\"https:\/\/catalinadefoix.educacion.navarra.es\/web\/blog\/2021\/12\/21\/6o-de-primaria-6\/\">6\u00ba de primaria<\/a><br>TRAPEROS DE EMA\u00daS<br><a href=\"https:\/\/photos.app.goo.gl\/nh8T54DiztsgcAud7\">FOTOS<\/a><\/td><\/tr><tr><td><img loading=\"lazy\" width=\"654\" height=\"464\" srcset=\"https:\/\/catalinadefoix.educacion.navarra.es\/web\/wp-content\/uploads\/2021\/12\/Brown-Natural-Christmas-Card-5-1024x727.jpg 1024w, https:\/\/catalinadefoix.educacion.navarra.es\/web\/wp-content\/uploads\/2021\/12\/Brown-Natural-Christmas-Card-5-300x213.jpg 300w, https:\/\/catalinadefoix.educacion.navarra.es\/web\/wp-content\/uploads\/2021\/12\/Brown-Natural-Christmas-Card-5-768x545.jpg 768w, https:\/\/catalinadefoix.educacion.navarra.es\/web\/wp-content\/uploads\/2021\/12\/Brown-Natural-Christmas-Card-5.jpg 1034w\" src=\"https:\/\/catalinadefoix.educacion.navarra.es\/web\/wp-content\/uploads\/2021\/12\/Brown-Natural-Christmas-Card-5-1024x727.jpg\" alt=\"\"><\/td><td class=\"has-text-align-center\" data-align=\"center\"><a href=\"https:\/\/catalinadefoix.educacion.navarra.es\/web\/blog\/2021\/12\/21\/navidad-2021\/\">Navidad 2021<\/a><br><strong>\u00a1FELICES FIESTAS!<\/strong><br>EL C.P.E.I.P CATALINA DE FOIX OS DESEA UNAS FELICES FIESTAS Y PR\u00d3SPERO A\u00d1O NUEVO<\/td><\/tr><tr><td><img loading=\"lazy\" width=\"597\" height=\"448\" srcset=\"https:\/\/catalinadefoix.educacion.navarra.es\/web\/wp-content\/uploads\/2021\/12\/IMG_0171.jpg 1020w, https:\/\/catalinadefoix.educacion.navarra.es\/web\/wp-content\/uploads\/2021\/12\/IMG_0171-300x225.jpg 300w, https:\/\/catalinadefoix.educacion.navarra.es\/web\/wp-content\/uploads\/2021\/12\/IMG_0171-768x576.jpg 768w\" src=\"https:\/\/catalinadefoix.educacion.navarra.es\/web\/wp-content\/uploads\/2021\/12\/IMG_0171.jpg\" alt=\"\"><\/td><td class=\"has-text-align-center\" data-align=\"center\"><a href=\"https:\/\/catalinadefoix.educacion.navarra.es\/web\/blog\/2021\/12\/01\/6o-de-primaria-5\/\">6\u00ba Primaria<\/a><br><strong>THE SURGEONS OF SIXTH GRADE<\/strong><br><strong><em><a href=\"https:\/\/photos.app.goo.gl\/uGo5jCXf6sDNR2wu7\">V\u00cdDEOS\/FOTOS<\/a><\/em><\/strong><\/td><\/tr><tr><td><img loading=\"lazy\" width=\"517\" height=\"388\" srcset=\"https:\/\/catalinadefoix.educacion.navarra.es\/web\/wp-content\/uploads\/2021\/11\/20211125_120928-1024x768.jpg 1024w, https:\/\/catalinadefoix.educacion.navarra.es\/web\/wp-content\/uploads\/2021\/11\/20211125_120928-300x225.jpg 300w, https:\/\/catalinadefoix.educacion.navarra.es\/web\/wp-content\/uploads\/2021\/11\/20211125_120928-768x576.jpg 768w, https:\/\/catalinadefoix.educacion.navarra.es\/web\/wp-content\/uploads\/2021\/11\/20211125_120928.jpg 1034w\" src=\"https:\/\/catalinadefoix.educacion.navarra.es\/web\/wp-content\/uploads\/2021\/11\/20211125_120928-1024x768.jpg\" alt=\"\"><\/td><td class=\"has-text-align-center\" data-align=\"center\"><a href=\"https:\/\/catalinadefoix.educacion.navarra.es\/web\/blog\/2021\/11\/29\/4o-primaria\/\">4\u00ba Primaria<\/a><br><strong>\u00abEL CUADRITO FEO\u00bb<\/strong><br><strong><a rel=\"noreferrer noopener\" href=\"https:\/\/photos.app.goo.gl\/a2N79cgrDPehgKPF8\" target=\"_blank\">FOTOS<\/a><\/strong><\/td><\/tr><tr><td><img loading=\"lazy\" width=\"496\" height=\"372\" srcset=\"https:\/\/catalinadefoix.educacion.navarra.es\/web\/wp-content\/uploads\/2021\/11\/IMG20211117124300.jpg 1020w, https:\/\/catalinadefoix.educacion.navarra.es\/web\/wp-content\/uploads\/2021\/11\/IMG20211117124300-300x225.jpg 300w, https:\/\/catalinadefoix.educacion.navarra.es\/web\/wp-content\/uploads\/2021\/11\/IMG20211117124300-768x576.jpg 768w\" src=\"https:\/\/catalinadefoix.educacion.navarra.es\/web\/wp-content\/uploads\/2021\/11\/IMG20211117124300.jpg\" alt=\"\"><\/td><td class=\"has-text-align-center\" data-align=\"center\"><a href=\"https:\/\/catalinadefoix.educacion.navarra.es\/web\/blog\/2021\/11\/18\/6o-de-primaria-4\/\">6\u00ba de primaria<\/a><br><strong>CHARLA DEPORTIVAS DE NAVARRA 6\u00baC<\/strong><br><strong><a rel=\"noreferrer noopener\" href=\"https:\/\/photos.app.goo.gl\/N43q9Dn9pPzx83sS6\" target=\"_blank\">FOTOS<\/a><\/strong><\/td><\/tr><tr><td><img loading=\"lazy\" width=\"482\" height=\"270\" srcset=\"https:\/\/catalinadefoix.educacion.navarra.es\/web\/wp-content\/uploads\/2021\/11\/20211103_130344.jpg 1020w, https:\/\/catalinadefoix.educacion.navarra.es\/web\/wp-content\/uploads\/2021\/11\/20211103_130344-300x169.jpg 300w, https:\/\/catalinadefoix.educacion.navarra.es\/web\/wp-content\/uploads\/2021\/11\/20211103_130344-768x432.jpg 768w\" src=\"https:\/\/catalinadefoix.educacion.navarra.es\/web\/wp-content\/uploads\/2021\/11\/20211103_130344.jpg\" alt=\"\"><\/td><td class=\"has-text-align-center\" data-align=\"center\"><a href=\"https:\/\/catalinadefoix.educacion.navarra.es\/web\/blog\/2021\/11\/16\/6o-de-primaria-3\/\">6\u00ba de primaria<\/a><br><strong>ONE DAY I\u2019LL FLY AWAY<\/strong><br><strong><a rel=\"noreferrer noopener\" href=\"https:\/\/photos.app.goo.gl\/d622DDjGSeSwkn2T6\" target=\"_blank\">FOTOS<\/a><\/strong><\/td><\/tr><tr><td><img loading=\"lazy\" width=\"513\" height=\"385\" srcset=\"https:\/\/catalinadefoix.educacion.navarra.es\/web\/wp-content\/uploads\/2021\/11\/FOTO-HALLOWEEN.jpg 962w, https:\/\/catalinadefoix.educacion.navarra.es\/web\/wp-content\/uploads\/2021\/11\/FOTO-HALLOWEEN-300x225.jpg 300w, https:\/\/catalinadefoix.educacion.navarra.es\/web\/wp-content\/uploads\/2021\/11\/FOTO-HALLOWEEN-768x576.jpg 768w\" src=\"https:\/\/catalinadefoix.educacion.navarra.es\/web\/wp-content\/uploads\/2021\/11\/FOTO-HALLOWEEN.jpg\" alt=\"\"><\/td><td class=\"has-text-align-center\" data-align=\"center\"><a href=\"https:\/\/catalinadefoix.educacion.navarra.es\/web\/blog\/2021\/11\/08\/halloween\/\">Halloween<\/a><br><strong>HALLOWEEN<\/strong><br><strong><a rel=\"noreferrer noopener\" href=\"https:\/\/photos.app.goo.gl\/dKzThSwEmx7pxuqA9\" target=\"_blank\">FOTOS HALLOWEEN<\/a><\/strong><br><strong><a rel=\"noreferrer noopener\" href=\"https:\/\/photos.app.goo.gl\/hH4Sw9U9AuHkRU2c8\" target=\"_blank\">FOTOS GANADORES DEL CONCURSO<\/a><\/strong><\/td><\/tr><tr><td><img loading=\"lazy\" width=\"570\" height=\"428\" srcset=\"https:\/\/catalinadefoix.educacion.navarra.es\/web\/wp-content\/uploads\/2021\/10\/IMG20211007110718-1024x768.jpg 1024w, https:\/\/catalinadefoix.educacion.navarra.es\/web\/wp-content\/uploads\/2021\/10\/IMG20211007110718-300x225.jpg 300w, https:\/\/catalinadefoix.educacion.navarra.es\/web\/wp-content\/uploads\/2021\/10\/IMG20211007110718-768x576.jpg 768w, https:\/\/catalinadefoix.educacion.navarra.es\/web\/wp-content\/uploads\/2021\/10\/IMG20211007110718.jpg 1034w\" src=\"https:\/\/catalinadefoix.educacion.navarra.es\/web\/wp-content\/uploads\/2021\/10\/IMG20211007110718-1024x768.jpg\" alt=\"\"><\/td><td class=\"has-text-align-center\" data-align=\"center\"><a href=\"https:\/\/catalinadefoix.educacion.navarra.es\/web\/blog\/2021\/10\/14\/3o-6o-primaria\/\">3\u00ba-6\u00ba Primaria<\/a><br><strong>BALONMANO<\/strong><br>Os dejamos unas\u00a0<a rel=\"noreferrer noopener\" href=\"https:\/\/photos.app.goo.gl\/X9TY1HWFZasuhSMD8\" target=\"_blank\">FOTOS<\/a><\/td><\/tr><tr><td><img loading=\"lazy\" width=\"607\" height=\"333\" srcset=\"https:\/\/catalinadefoix.educacion.navarra.es\/web\/wp-content\/uploads\/2021\/10\/web-foto-1024x562.jpg 1024w, https:\/\/catalinadefoix.educacion.navarra.es\/web\/wp-content\/uploads\/2021\/10\/web-foto-300x165.jpg 300w, https:\/\/catalinadefoix.educacion.navarra.es\/web\/wp-content\/uploads\/2021\/10\/web-foto-768x421.jpg 768w, https:\/\/catalinadefoix.educacion.navarra.es\/web\/wp-content\/uploads\/2021\/10\/web-foto-1536x843.jpg 1536w, https:\/\/catalinadefoix.educacion.navarra.es\/web\/wp-content\/uploads\/2021\/10\/web-foto.jpg 1639w\" src=\"https:\/\/catalinadefoix.educacion.navarra.es\/web\/wp-content\/uploads\/2021\/10\/web-foto-1024x562.jpg\" alt=\"\"><\/td><td class=\"has-text-align-center\" data-align=\"center\"><a href=\"https:\/\/catalinadefoix.educacion.navarra.es\/web\/blog\/2021\/10\/13\/5o-primaria-2\/\">5\u00ba Primaria<\/a><br><strong>CELLULAR BIOLOGY<\/strong><br><strong><a rel=\"noreferrer noopener\" href=\"https:\/\/drive.google.com\/file\/d\/1vXTyTPeIiZOWuTlyfYCiGnH5CGski3Ds\/view?usp=sharing\" target=\"_blank\">V\u00cdDEO<\/a><\/strong><\/td><\/tr><tr><td><img loading=\"lazy\" width=\"565\" height=\"424\" srcset=\"https:\/\/catalinadefoix.educacion.navarra.es\/web\/wp-content\/uploads\/2021\/10\/20210929_121626-1024x768.jpg 1024w, https:\/\/catalinadefoix.educacion.navarra.es\/web\/wp-content\/uploads\/2021\/10\/20210929_121626-300x225.jpg 300w, https:\/\/catalinadefoix.educacion.navarra.es\/web\/wp-content\/uploads\/2021\/10\/20210929_121626-768x576.jpg 768w, https:\/\/catalinadefoix.educacion.navarra.es\/web\/wp-content\/uploads\/2021\/10\/20210929_121626.jpg 1034w\" src=\"https:\/\/catalinadefoix.educacion.navarra.es\/web\/wp-content\/uploads\/2021\/10\/20210929_121626-1024x768.jpg\" alt=\"\"><\/td><td class=\"has-text-align-center\" data-align=\"center\"><a href=\"https:\/\/catalinadefoix.educacion.navarra.es\/web\/blog\/2021\/10\/05\/4o-de-primaria\/\">4\u00ba de primaria<\/a><br><strong>TALLER EXPERIMENTAL PREHISTORIA<\/strong><br><strong><a rel=\"noreferrer noopener\" href=\"https:\/\/photos.google.com\/u\/1\/share\/AF1QipMDzL5Bc0wDGkUPxY9WAbvrlu8A23SdOntxA7DRmXqvFz348MTqGsoqDFrd9jal5w?key=dXNZUERsVzJmVXNRN3RhYUo3cWJxZlNDdndCb0hR\" target=\"_blank\">FOTOS<\/a><\/strong><br><strong><a rel=\"noreferrer noopener\" href=\"https:\/\/drive.google.com\/drive\/folders\/1H49IVFkWjAsNreC3AHOleyd4mNMlh1WY?usp=sharing\" target=\"_blank\">V\u00cdDEOS<\/a><\/strong><\/td><\/tr><\/tbody><\/table><\/figure>\n\n\n\n<p><\/p>\n","protected":false},"excerpt":{"rendered":"<p>3\u00ba de infantilGRADUACI\u00d3N 5 A\u00d1OSV\u00cdDEOS 3\u00ba y 4\u00ba primaria3\u00ba y 4\u00baEP FIESTA DEL AGUAFOTOS 4\u00ba primariaCAMPUS NEPTUNOFOTOSV\u00cdDEOS 4\u00ba primaria4\u00ba EXCURSI\u00d3N PERUHARRIFOTOS Y V\u00cdDEO Excursi\u00f3n 5\u00ba primaria5\u00ba. ORICAIN Y SALTINGFOTOS 5\u00ba primaria5\u00ba PRIMARIA. MACHINESVIDEO InfantilFIESTA DEL AGUA EN INFANTILFOTOS 1\u00ba infantilVISITA AL SANTUARIO DE ANIMALES CORAZON VERDEFOTOS 5\u00ba PrimariaCHARLA DE CRUZ ROJA: MEDIACI\u00d3NFOTOS Biblioteca ZizurVISITAS A [&hellip;]<\/p>\n","protected":false},"author":1,"featured_media":0,"parent":4030,"menu_order":0,"comment_status":"closed","ping_status":"closed","template":"","meta":{"_genesis_hide_title":false,"_genesis_hide_breadcrumbs":false,"_genesis_hide_singular_image":false,"_genesis_hide_footer_widgets":false,"_genesis_custom_body_class":"","_genesis_custom_post_class":"","_genesis_layout":""},"_links":{"self":[{"href":"https:\/\/catalinadefoix.educacion.navarra.es\/web\/wp-json\/wp\/v2\/pages\/6236"}],"collection":[{"href":"https:\/\/catalinadefoix.educacion.navarra.es\/web\/wp-json\/wp\/v2\/pages"}],"about":[{"href":"https:\/\/catalinadefoix.educacion.navarra.es\/web\/wp-json\/wp\/v2\/types\/page"}],"author":[{"embeddable":true,"href":"https:\/\/catalinadefoix.educacion.navarra.es\/web\/wp-json\/wp\/v2\/users\/1"}],"replies":[{"embeddable":true,"href":"https:\/\/catalinadefoix.educacion.navarra.es\/web\/wp-json\/wp\/v2\/comments?post=6236"}],"version-history":[{"count":42,"href":"https:\/\/catalinadefoix.educacion.navarra.es\/web\/wp-json\/wp\/v2\/pages\/6236\/revisions"}],"predecessor-version":[{"id":8142,"href":"https:\/\/catalinadefoix.educacion.navarra.es\/web\/wp-json\/wp\/v2\/pages\/6236\/revisions\/8142"}],"up":[{"embeddable":true,"href":"https:\/\/catalinadefoix.educacion.navarra.es\/web\/wp-json\/wp\/v2\/pages\/4030"}],"wp:attachment":[{"href":"https:\/\/catalinadefoix.educacion.navarra.es\/web\/wp-json\/wp\/v2\/media?parent=6236"}],"curies":[{"name":"wp","href":"https:\/\/api.w.org\/{rel}","templated":true}]}}